{"id":1042,"date":"2015-08-24T09:30:16","date_gmt":"2015-08-24T07:30:16","guid":{"rendered":"http:\/\/zabieszczaduj.pl\/quiz\/?post_type=status-message&#038;p=1042"},"modified":"2015-11-02T21:31:07","modified_gmt":"2015-11-02T20:31:07","slug":"dzien-3","status":"publish","type":"page","link":"https:\/\/zabieszczaduj.pl\/quiz\/idac-przez-glowny-szlak-beskidzki\/dzien-3\/","title":{"rendered":"Dzie\u0144 3: schronisko PTTK na Przys\u0142opie &#8211; stacja turystyczna &#8222;S\u0142owianka&#8221;"},"content":{"rendered":"<div class=\"fcbkbttn_buttons_block\" id=\"fcbkbttn_left\"><div class=\"fcbkbttn_like \"><fb:like href=\"https:\/\/zabieszczaduj.pl\/quiz\/idac-przez-glowny-szlak-beskidzki\/dzien-3\/\" action=\"like\" colorscheme=\"light\" layout=\"button_count\"  size=\"small\"><\/fb:like><\/div><\/div><p>Ostatnie \u015bl\u0105skie impresje &#8211; przekraczaj\u0105c So\u0142\u0119 jeste\u015bmy ju\u017c na \u017bywiecczy\u017anie i wychodzimy na pole, a nie na dw\u00f3r. Cel dalszej w\u0119dr\u00f3wki d\u0142ugim grzbietem Abrahamowa z W\u0119gierskiej G\u00f3rki by\u0142 ambitny i osi\u0105gni\u0119ty dot\u0105d najp\u00f3\u017aniej. S\u0142owianka le\u017cy na splocie wytyczonych g\u00f3rskich tras rowerowych. Jest to miejsce widokowe z niepowtarzaln\u0105 panoram\u0105 na Romank\u0119, Hal\u0119 Pawlusi\u0105 i Rysiank\u0119 &#8211; celem na 4ty dzie\u0144 grupa Pilska i Miziowa!<\/p>\n<div class=\"fbfpi_photo\"><img decoding=\"async\" src=\"http:\/\/zabieszczaduj.pl\/quiz\/wp-content\/uploads\/2015\/10\/fbfpi_6cabde29dfc41d68b1c4adfb9212c956.jpg\"><\/div>\n","protected":false},"excerpt":{"rendered":"<p>Ostatnie \u015bl\u0105skie impresje &#8211; przekraczaj\u0105c So\u0142\u0119 jeste\u015bmy ju\u017c na \u017bywiecczy\u017anie i wychodzimy na pole, a nie na dw\u00f3r. Cel dalszej w\u0119dr\u00f3wki d\u0142ugim grzbietem Abrahamowa z W\u0119gierskiej G\u00f3rki by\u0142 ambitny i osi\u0105gni\u0119ty dot\u0105d najp\u00f3\u017aniej. S\u0142owianka le\u017cy na splocie wytyczonych g\u00f3rskich tras rowerowych. Jest to miejsce widokowe z niepowtarzaln\u0105 panoram\u0105 na Romank\u0119, Hal\u0119 Pawlusi\u0105 i Rysiank\u0119 &#8211; celem na 4ty dzie\u0144 grupa Pilska i Miziowa!<\/p>\n","protected":false},"author":1,"featured_media":1043,"parent":1040,"menu_order":0,"comment_status":"closed","ping_status":"closed","template":"","meta":{"_exactmetrics_skip_tracking":false,"_exactmetrics_sitenote_active":false,"_exactmetrics_sitenote_note":"","_exactmetrics_sitenote_category":0,"footnotes":""},"class_list":["post-1042","page","type-page","status-publish","has-post-thumbnail","hentry"],"yoast_head":"<!-- This site is optimized with the Yoast SEO plugin v25.0 - https:\/\/yoast.com\/wordpress\/plugins\/seo\/ -->\n<title>Dzie\u0144 3: schronisko PTTK na Przys\u0142opie - stacja turystyczna &quot;S\u0142owianka&quot; - Bieszczadzki Quiz<\/title>\n<meta name=\"robots\" content=\"index, follow, max-snippet:-1, max-image-preview:large, max-video-preview:-1\" \/>\n<link rel=\"canonical\" href=\"https:\/\/zabieszczaduj.pl\/quiz\/idac-przez-glowny-szlak-beskidzki\/dzien-3\/\" \/>\n<meta property=\"og:locale\" content=\"pl_PL\" \/>\n<meta property=\"og:type\" content=\"article\" \/>\n<meta property=\"og:title\" content=\"Dzie\u0144 3: schronisko PTTK na Przys\u0142opie - stacja turystyczna &quot;S\u0142owianka&quot; - Bieszczadzki Quiz\" \/>\n<meta property=\"og:description\" content=\"Ostatnie \u015bl\u0105skie impresje - przekraczaj\u0105c So\u0142\u0119 jeste\u015bmy ju\u017c na \u017bywiecczy\u017anie i wychodzimy na pole, a nie na dw\u00f3r. Cel dalszej w\u0119dr\u00f3wki d\u0142ugim grzbietem Abrahamowa z W\u0119gierskiej G\u00f3rki by\u0142 ambitny i osi\u0105gni\u0119ty dot\u0105d najp\u00f3\u017aniej. S\u0142owianka le\u017cy na splocie wytyczonych g\u00f3rskich tras rowerowych. Jest to miejsce widokowe z niepowtarzaln\u0105 panoram\u0105 na Romank\u0119, Hal\u0119 Pawlusi\u0105 i Rysiank\u0119 - celem na 4ty dzie\u0144 grupa Pilska i Miziowa!\" \/>\n<meta property=\"og:url\" content=\"https:\/\/zabieszczaduj.pl\/quiz\/idac-przez-glowny-szlak-beskidzki\/dzien-3\/\" \/>\n<meta property=\"og:site_name\" content=\"Bieszczadzki Quiz\" \/>\n<meta property=\"article:modified_time\" content=\"2015-11-02T20:31:07+00:00\" \/>\n<meta property=\"og:image\" content=\"https:\/\/zabieszczaduj.pl\/quiz\/wp-content\/uploads\/2015\/10\/fbfpi_6cabde29dfc41d68b1c4adfb9212c956.jpg\" \/>\n\t<meta property=\"og:image:width\" content=\"960\" \/>\n\t<meta property=\"og:image:height\" content=\"960\" \/>\n\t<meta property=\"og:image:type\" content=\"image\/jpeg\" \/>\n<script type=\"application\/ld+json\" class=\"yoast-schema-graph\">{\"@context\":\"https:\/\/schema.org\",\"@graph\":[{\"@type\":\"WebPage\",\"@id\":\"https:\/\/zabieszczaduj.pl\/quiz\/idac-przez-glowny-szlak-beskidzki\/dzien-3\/\",\"url\":\"https:\/\/zabieszczaduj.pl\/quiz\/idac-przez-glowny-szlak-beskidzki\/dzien-3\/\",\"name\":\"Dzie\u0144 3: schronisko PTTK na Przys\u0142opie - stacja turystyczna \\\"S\u0142owianka\\\" - Bieszczadzki Quiz\",\"isPartOf\":{\"@id\":\"https:\/\/zabieszczaduj.pl\/quiz\/#website\"},\"primaryImageOfPage\":{\"@id\":\"https:\/\/zabieszczaduj.pl\/quiz\/idac-przez-glowny-szlak-beskidzki\/dzien-3\/#primaryimage\"},\"image\":{\"@id\":\"https:\/\/zabieszczaduj.pl\/quiz\/idac-przez-glowny-szlak-beskidzki\/dzien-3\/#primaryimage\"},\"thumbnailUrl\":\"https:\/\/zabieszczaduj.pl\/quiz\/wp-content\/uploads\/2015\/10\/fbfpi_6cabde29dfc41d68b1c4adfb9212c956.jpg\",\"datePublished\":\"2015-08-24T07:30:16+00:00\",\"dateModified\":\"2015-11-02T20:31:07+00:00\",\"breadcrumb\":{\"@id\":\"https:\/\/zabieszczaduj.pl\/quiz\/idac-przez-glowny-szlak-beskidzki\/dzien-3\/#breadcrumb\"},\"inLanguage\":\"pl-PL\",\"potentialAction\":[{\"@type\":\"ReadAction\",\"target\":[\"https:\/\/zabieszczaduj.pl\/quiz\/idac-przez-glowny-szlak-beskidzki\/dzien-3\/\"]}]},{\"@type\":\"ImageObject\",\"inLanguage\":\"pl-PL\",\"@id\":\"https:\/\/zabieszczaduj.pl\/quiz\/idac-przez-glowny-szlak-beskidzki\/dzien-3\/#primaryimage\",\"url\":\"https:\/\/zabieszczaduj.pl\/quiz\/wp-content\/uploads\/2015\/10\/fbfpi_6cabde29dfc41d68b1c4adfb9212c956.jpg\",\"contentUrl\":\"https:\/\/zabieszczaduj.pl\/quiz\/wp-content\/uploads\/2015\/10\/fbfpi_6cabde29dfc41d68b1c4adfb9212c956.jpg\",\"width\":960,\"height\":960},{\"@type\":\"BreadcrumbList\",\"@id\":\"https:\/\/zabieszczaduj.pl\/quiz\/idac-przez-glowny-szlak-beskidzki\/dzien-3\/#breadcrumb\",\"itemListElement\":[{\"@type\":\"ListItem\",\"position\":1,\"name\":\"Strona g\u0142\u00f3wna\",\"item\":\"https:\/\/zabieszczaduj.pl\/quiz\/\"},{\"@type\":\"ListItem\",\"position\":2,\"name\":\"Id\u0105c przez G\u0142\u00f3wny Szlak Beskidzki pod\u0105\u017ca si\u0119 &#8230;\",\"item\":\"https:\/\/zabieszczaduj.pl\/quiz\/idac-przez-glowny-szlak-beskidzki\/\"},{\"@type\":\"ListItem\",\"position\":3,\"name\":\"Dzie\u0144 3: schronisko PTTK na Przys\u0142opie &#8211; stacja turystyczna &#8222;S\u0142owianka&#8221;\"}]},{\"@type\":\"WebSite\",\"@id\":\"https:\/\/zabieszczaduj.pl\/quiz\/#website\",\"url\":\"https:\/\/zabieszczaduj.pl\/quiz\/\",\"name\":\"Bieszczadzki Quiz\",\"description\":\"G&oacute;ry i ludzie, w\u0119dr&oacute;wki z plecakiem, pi\u0119kne widoki i schroniskowe bazy zawsze szeroko otwarte dla zdobywaj\u0105cych Bieszczady\",\"potentialAction\":[{\"@type\":\"SearchAction\",\"target\":{\"@type\":\"EntryPoint\",\"urlTemplate\":\"https:\/\/zabieszczaduj.pl\/quiz\/?s={search_term_string}\"},\"query-input\":{\"@type\":\"PropertyValueSpecification\",\"valueRequired\":true,\"valueName\":\"search_term_string\"}}],\"inLanguage\":\"pl-PL\"}]}<\/script>\n<!-- \/ Yoast SEO plugin. -->","yoast_head_json":{"title":"Dzie\u0144 3: schronisko PTTK na Przys\u0142opie - stacja turystyczna \"S\u0142owianka\" - Bieszczadzki Quiz","robots":{"index":"index","follow":"follow","max-snippet":"max-snippet:-1","max-image-preview":"max-image-preview:large","max-video-preview":"max-video-preview:-1"},"canonical":"https:\/\/zabieszczaduj.pl\/quiz\/idac-przez-glowny-szlak-beskidzki\/dzien-3\/","og_locale":"pl_PL","og_type":"article","og_title":"Dzie\u0144 3: schronisko PTTK na Przys\u0142opie - stacja turystyczna \"S\u0142owianka\" - Bieszczadzki Quiz","og_description":"Ostatnie \u015bl\u0105skie impresje - przekraczaj\u0105c So\u0142\u0119 jeste\u015bmy ju\u017c na \u017bywiecczy\u017anie i wychodzimy na pole, a nie na dw\u00f3r. Cel dalszej w\u0119dr\u00f3wki d\u0142ugim grzbietem Abrahamowa z W\u0119gierskiej G\u00f3rki by\u0142 ambitny i osi\u0105gni\u0119ty dot\u0105d najp\u00f3\u017aniej. S\u0142owianka le\u017cy na splocie wytyczonych g\u00f3rskich tras rowerowych. Jest to miejsce widokowe z niepowtarzaln\u0105 panoram\u0105 na Romank\u0119, Hal\u0119 Pawlusi\u0105 i Rysiank\u0119 - celem na 4ty dzie\u0144 grupa Pilska i Miziowa!","og_url":"https:\/\/zabieszczaduj.pl\/quiz\/idac-przez-glowny-szlak-beskidzki\/dzien-3\/","og_site_name":"Bieszczadzki Quiz","article_modified_time":"2015-11-02T20:31:07+00:00","og_image":[{"width":960,"height":960,"url":"https:\/\/zabieszczaduj.pl\/quiz\/wp-content\/uploads\/2015\/10\/fbfpi_6cabde29dfc41d68b1c4adfb9212c956.jpg","type":"image\/jpeg"}],"schema":{"@context":"https:\/\/schema.org","@graph":[{"@type":"WebPage","@id":"https:\/\/zabieszczaduj.pl\/quiz\/idac-przez-glowny-szlak-beskidzki\/dzien-3\/","url":"https:\/\/zabieszczaduj.pl\/quiz\/idac-przez-glowny-szlak-beskidzki\/dzien-3\/","name":"Dzie\u0144 3: schronisko PTTK na Przys\u0142opie - stacja turystyczna \"S\u0142owianka\" - Bieszczadzki Quiz","isPartOf":{"@id":"https:\/\/zabieszczaduj.pl\/quiz\/#website"},"primaryImageOfPage":{"@id":"https:\/\/zabieszczaduj.pl\/quiz\/idac-przez-glowny-szlak-beskidzki\/dzien-3\/#primaryimage"},"image":{"@id":"https:\/\/zabieszczaduj.pl\/quiz\/idac-przez-glowny-szlak-beskidzki\/dzien-3\/#primaryimage"},"thumbnailUrl":"https:\/\/zabieszczaduj.pl\/quiz\/wp-content\/uploads\/2015\/10\/fbfpi_6cabde29dfc41d68b1c4adfb9212c956.jpg","datePublished":"2015-08-24T07:30:16+00:00","dateModified":"2015-11-02T20:31:07+00:00","breadcrumb":{"@id":"https:\/\/zabieszczaduj.pl\/quiz\/idac-przez-glowny-szlak-beskidzki\/dzien-3\/#breadcrumb"},"inLanguage":"pl-PL","potentialAction":[{"@type":"ReadAction","target":["https:\/\/zabieszczaduj.pl\/quiz\/idac-przez-glowny-szlak-beskidzki\/dzien-3\/"]}]},{"@type":"ImageObject","inLanguage":"pl-PL","@id":"https:\/\/zabieszczaduj.pl\/quiz\/idac-przez-glowny-szlak-beskidzki\/dzien-3\/#primaryimage","url":"https:\/\/zabieszczaduj.pl\/quiz\/wp-content\/uploads\/2015\/10\/fbfpi_6cabde29dfc41d68b1c4adfb9212c956.jpg","contentUrl":"https:\/\/zabieszczaduj.pl\/quiz\/wp-content\/uploads\/2015\/10\/fbfpi_6cabde29dfc41d68b1c4adfb9212c956.jpg","width":960,"height":960},{"@type":"BreadcrumbList","@id":"https:\/\/zabieszczaduj.pl\/quiz\/idac-przez-glowny-szlak-beskidzki\/dzien-3\/#breadcrumb","itemListElement":[{"@type":"ListItem","position":1,"name":"Strona g\u0142\u00f3wna","item":"https:\/\/zabieszczaduj.pl\/quiz\/"},{"@type":"ListItem","position":2,"name":"Id\u0105c przez G\u0142\u00f3wny Szlak Beskidzki pod\u0105\u017ca si\u0119 &#8230;","item":"https:\/\/zabieszczaduj.pl\/quiz\/idac-przez-glowny-szlak-beskidzki\/"},{"@type":"ListItem","position":3,"name":"Dzie\u0144 3: schronisko PTTK na Przys\u0142opie &#8211; stacja turystyczna &#8222;S\u0142owianka&#8221;"}]},{"@type":"WebSite","@id":"https:\/\/zabieszczaduj.pl\/quiz\/#website","url":"https:\/\/zabieszczaduj.pl\/quiz\/","name":"Bieszczadzki Quiz","description":"G&oacute;ry i ludzie, w\u0119dr&oacute;wki z plecakiem, pi\u0119kne widoki i schroniskowe bazy zawsze szeroko otwarte dla zdobywaj\u0105cych Bieszczady","potentialAction":[{"@type":"SearchAction","target":{"@type":"EntryPoint","urlTemplate":"https:\/\/zabieszczaduj.pl\/quiz\/?s={search_term_string}"},"query-input":{"@type":"PropertyValueSpecification","valueRequired":true,"valueName":"search_term_string"}}],"inLanguage":"pl-PL"}]}},"_links":{"self":[{"href":"https:\/\/zabieszczaduj.pl\/quiz\/wp-json\/wp\/v2\/pages\/1042","targetHints":{"allow":["GET"]}}],"collection":[{"href":"https:\/\/zabieszczaduj.pl\/quiz\/wp-json\/wp\/v2\/pages"}],"about":[{"href":"https:\/\/zabieszczaduj.pl\/quiz\/wp-json\/wp\/v2\/types\/page"}],"author":[{"embeddable":true,"href":"https:\/\/zabieszczaduj.pl\/quiz\/wp-json\/wp\/v2\/users\/1"}],"replies":[{"embeddable":true,"href":"https:\/\/zabieszczaduj.pl\/quiz\/wp-json\/wp\/v2\/comments?post=1042"}],"version-history":[{"count":3,"href":"https:\/\/zabieszczaduj.pl\/quiz\/wp-json\/wp\/v2\/pages\/1042\/revisions"}],"predecessor-version":[{"id":1202,"href":"https:\/\/zabieszczaduj.pl\/quiz\/wp-json\/wp\/v2\/pages\/1042\/revisions\/1202"}],"up":[{"embeddable":true,"href":"https:\/\/zabieszczaduj.pl\/quiz\/wp-json\/wp\/v2\/pages\/1040"}],"wp:featuredmedia":[{"embeddable":true,"href":"https:\/\/zabieszczaduj.pl\/quiz\/wp-json\/wp\/v2\/media\/1043"}],"wp:attachment":[{"href":"https:\/\/zabieszczaduj.pl\/quiz\/wp-json\/wp\/v2\/media?parent=1042"}],"curies":[{"name":"wp","href":"https:\/\/api.w.org\/{rel}","templated":true}]}}