{"id":1040,"date":"2015-10-29T12:26:38","date_gmt":"2015-10-29T11:26:38","guid":{"rendered":"http:\/\/zabieszczaduj.pl\/quiz\/?post_type=status-message&#038;p=1040"},"modified":"2015-11-10T22:27:31","modified_gmt":"2015-11-10T21:27:31","slug":"idac-przez-glowny-szlak-beskidzki","status":"publish","type":"page","link":"https:\/\/zabieszczaduj.pl\/quiz\/idac-przez-glowny-szlak-beskidzki\/","title":{"rendered":"Id\u0105c przez G\u0142\u00f3wny Szlak Beskidzki pod\u0105\u017ca si\u0119 &#8230;"},"content":{"rendered":"<div class=\"fcbkbttn_buttons_block\" id=\"fcbkbttn_left\"><div class=\"fcbkbttn_like \"><fb:like href=\"https:\/\/zabieszczaduj.pl\/quiz\/idac-przez-glowny-szlak-beskidzki\/\" action=\"like\" colorscheme=\"light\" layout=\"button_count\"  size=\"small\"><\/fb:like><\/div><\/div><p><iframe width=\"720\" height=\"405\" src=\"https:\/\/www.youtube.com\/embed\/3yMvLZGhO3Q\" frameborder=\"0\" allowfullscreen><\/iframe><\/p>\n<p>Id\u0105c przez G\u0142\u00f3wny Szlak Beskidzki pod\u0105\u017ca si\u0119 \u015bladami pionier\u00f3w projekt\u00f3w g\u00f3rskich w\u0119dr\u00f3wek. Jak wygl\u0105da przej\u015bcie w klasycznej, zaplanowanej na 3 tygodnie w\u0119dr\u00f3wce z plecakiem? Pod ka\u017cdym z dni kryje si\u0119 przebyta trasa, odwiedzone miejsca, spotkani ludzie, koszty oraz kilka zdj\u0119\u0107. Zapraszam na szlak! \ud83d\ude42<\/p>\n<div class=\"pt-cv-wrapper\"><div class=\"pt-cv-view pt-cv-grid pt-cv-colsys\" id=\"pt-cv-view-bb2717843a\"><div data-id=\"pt-cv-page-1\" class=\"pt-cv-page\" data-cvc=\"2\"><div class=\"col-md-6 col-sm-6 col-xs-12 pt-cv-content-item pt-cv-2-col\" ><div class='pt-cv-ifield'><a href=\"https:\/\/zabieszczaduj.pl\/quiz\/idac-przez-glowny-szlak-beskidzki\/dzien-22\/\" class=\"_self pt-cv-href-thumbnail pt-cv-thumb-left\" target=\"_self\" ><img decoding=\"async\" width=\"150\" height=\"150\" src=\"https:\/\/zabieszczaduj.pl\/quiz\/wp-content\/uploads\/2015\/10\/fbfpi_d2ce0959620cfbc30852d54e4925bcdb-150x150.jpg\" class=\"pt-cv-thumbnail pull-left\" alt=\"\" srcset=\"https:\/\/zabieszczaduj.pl\/quiz\/wp-content\/uploads\/2015\/10\/fbfpi_d2ce0959620cfbc30852d54e4925bcdb-150x150.jpg 150w, https:\/\/zabieszczaduj.pl\/quiz\/wp-content\/uploads\/2015\/10\/fbfpi_d2ce0959620cfbc30852d54e4925bcdb-300x300.jpg 300w, https:\/\/zabieszczaduj.pl\/quiz\/wp-content\/uploads\/2015\/10\/fbfpi_d2ce0959620cfbc30852d54e4925bcdb.jpg 960w\" sizes=\"(max-width: 150px) 100vw, 150px\" \/><\/a>\n<h4 class=\"pt-cv-title\"><a href=\"https:\/\/zabieszczaduj.pl\/quiz\/idac-przez-glowny-szlak-beskidzki\/dzien-22\/\" class=\"_self\" target=\"_self\" >Dzie\u0144 22<\/a><\/h4>\n<div class=\"pt-cv-content\">Za oknem deszczowo. Dla jednych jest to pow\u00f3d, by wraca\u0107 do domu - chyba obs\u0142uguj\u0105cy Bieszczady San-bus nie by\u0142 przygotowany ...<\/div><\/div><\/div>\n<div class=\"col-md-6 col-sm-6 col-xs-12 pt-cv-content-item pt-cv-2-col\" ><div class='pt-cv-ifield'><a href=\"https:\/\/zabieszczaduj.pl\/quiz\/idac-przez-glowny-szlak-beskidzki\/dzien-21\/\" class=\"_self pt-cv-href-thumbnail pt-cv-thumb-left\" target=\"_self\" ><img decoding=\"async\" width=\"150\" height=\"150\" src=\"https:\/\/zabieszczaduj.pl\/quiz\/wp-content\/uploads\/2015\/10\/fbfpi_2eafb46a90b3c8f8b0951bb5a39f2997-150x150.jpg\" class=\"pt-cv-thumbnail pull-left\" alt=\"\" srcset=\"https:\/\/zabieszczaduj.pl\/quiz\/wp-content\/uploads\/2015\/10\/fbfpi_2eafb46a90b3c8f8b0951bb5a39f2997-150x150.jpg 150w, https:\/\/zabieszczaduj.pl\/quiz\/wp-content\/uploads\/2015\/10\/fbfpi_2eafb46a90b3c8f8b0951bb5a39f2997-300x300.jpg 300w, https:\/\/zabieszczaduj.pl\/quiz\/wp-content\/uploads\/2015\/10\/fbfpi_2eafb46a90b3c8f8b0951bb5a39f2997.jpg 960w\" sizes=\"(max-width: 150px) 100vw, 150px\" \/><\/a>\n<h4 class=\"pt-cv-title\"><a href=\"https:\/\/zabieszczaduj.pl\/quiz\/idac-przez-glowny-szlak-beskidzki\/dzien-21\/\" class=\"_self\" target=\"_self\" >Dzie\u0144 21: Ustrzyki G\u00f3rne &#8211; Wo\u0142osate<\/a><\/h4>\n<div class=\"pt-cv-content\">Pasmo Szerokiego Wierchu, grupa Tarnicy i Halicza sk\u0142ada si\u0119 na ostatni z 21 dni zaplanowanych na w\u0119dr\u00f3wk\u0119 G\u0142\u00f3wnym Szlakiem Beskidzkim ...<\/div><\/div><\/div>\n<div class=\"col-md-6 col-sm-6 col-xs-12 pt-cv-content-item pt-cv-2-col\" ><div class='pt-cv-ifield'><a href=\"https:\/\/zabieszczaduj.pl\/quiz\/idac-przez-glowny-szlak-beskidzki\/dzien-20\/\" class=\"_self pt-cv-href-thumbnail pt-cv-thumb-left\" target=\"_self\" ><img decoding=\"async\" width=\"150\" height=\"150\" src=\"https:\/\/zabieszczaduj.pl\/quiz\/wp-content\/uploads\/2015\/10\/fbfpi_0e2067258c79ef8f477d45dacdc58168-150x150.jpg\" class=\"pt-cv-thumbnail pull-left\" alt=\"\" srcset=\"https:\/\/zabieszczaduj.pl\/quiz\/wp-content\/uploads\/2015\/10\/fbfpi_0e2067258c79ef8f477d45dacdc58168-150x150.jpg 150w, https:\/\/zabieszczaduj.pl\/quiz\/wp-content\/uploads\/2015\/10\/fbfpi_0e2067258c79ef8f477d45dacdc58168-300x300.jpg 300w, https:\/\/zabieszczaduj.pl\/quiz\/wp-content\/uploads\/2015\/10\/fbfpi_0e2067258c79ef8f477d45dacdc58168.jpg 960w\" sizes=\"(max-width: 150px) 100vw, 150px\" \/><\/a>\n<h4 class=\"pt-cv-title\"><a href=\"https:\/\/zabieszczaduj.pl\/quiz\/idac-przez-glowny-szlak-beskidzki\/dzien-20\/\" class=\"_self\" target=\"_self\" >Dzie\u0144 20: schronisko Chatka Puchatka &#8211; Ustrzyki G\u00f3rne<\/a><\/h4>\n<div class=\"pt-cv-content\">Tak wstawa\u0142o s\u0142o\u0144ce dzi\u015b na po\u0142oninie. No i m\u0142odzi. Od 5ej na nogach. On spod Krosna, ona z Bia\u0142egostoku, ale ...<\/div><\/div><\/div>\n<div class=\"col-md-6 col-sm-6 col-xs-12 pt-cv-content-item pt-cv-2-col\" ><div class='pt-cv-ifield'><a href=\"https:\/\/zabieszczaduj.pl\/quiz\/idac-przez-glowny-szlak-beskidzki\/dzien-19\/\" class=\"_self pt-cv-href-thumbnail pt-cv-thumb-left\" target=\"_self\" ><img loading=\"lazy\" decoding=\"async\" width=\"150\" height=\"150\" src=\"https:\/\/zabieszczaduj.pl\/quiz\/wp-content\/uploads\/2015\/10\/fbfpi_f7e111d1259acd82b135101b56e466eb-150x150.jpg\" class=\"pt-cv-thumbnail pull-left\" alt=\"\" srcset=\"https:\/\/zabieszczaduj.pl\/quiz\/wp-content\/uploads\/2015\/10\/fbfpi_f7e111d1259acd82b135101b56e466eb-150x150.jpg 150w, https:\/\/zabieszczaduj.pl\/quiz\/wp-content\/uploads\/2015\/10\/fbfpi_f7e111d1259acd82b135101b56e466eb-300x300.jpg 300w, https:\/\/zabieszczaduj.pl\/quiz\/wp-content\/uploads\/2015\/10\/fbfpi_f7e111d1259acd82b135101b56e466eb.jpg 960w\" sizes=\"(max-width: 150px) 100vw, 150px\" \/><\/a>\n<h4 class=\"pt-cv-title\"><a href=\"https:\/\/zabieszczaduj.pl\/quiz\/idac-przez-glowny-szlak-beskidzki\/dzien-19\/\" class=\"_self\" target=\"_self\" >Dzie\u0144 19: Smerek (wie\u015b) &#8211; schronisko Chatka Puchatka<\/a><\/h4>\n<div class=\"pt-cv-content\">Mamy \u015brodek tygodnia, turyst\u00f3w w Bieszczadach ca\u0142a masa. Na ulotce do\u0142\u0105czonej do biletu BPN znajduje si\u0119 zach\u0119ta, by po wyprawie ...<\/div><\/div><\/div>\n<div class=\"col-md-6 col-sm-6 col-xs-12 pt-cv-content-item pt-cv-2-col\" ><div class='pt-cv-ifield'><a href=\"https:\/\/zabieszczaduj.pl\/quiz\/idac-przez-glowny-szlak-beskidzki\/dzien-18\/\" class=\"_self pt-cv-href-thumbnail pt-cv-thumb-left\" target=\"_self\" ><img loading=\"lazy\" decoding=\"async\" width=\"150\" height=\"150\" src=\"https:\/\/zabieszczaduj.pl\/quiz\/wp-content\/uploads\/2015\/10\/fbfpi_f00c40b2cf3dd3fd4598d2fe46479b45-150x150.jpg\" class=\"pt-cv-thumbnail pull-left\" alt=\"\" srcset=\"https:\/\/zabieszczaduj.pl\/quiz\/wp-content\/uploads\/2015\/10\/fbfpi_f00c40b2cf3dd3fd4598d2fe46479b45-150x150.jpg 150w, https:\/\/zabieszczaduj.pl\/quiz\/wp-content\/uploads\/2015\/10\/fbfpi_f00c40b2cf3dd3fd4598d2fe46479b45-300x300.jpg 300w, https:\/\/zabieszczaduj.pl\/quiz\/wp-content\/uploads\/2015\/10\/fbfpi_f00c40b2cf3dd3fd4598d2fe46479b45.jpg 960w\" sizes=\"(max-width: 150px) 100vw, 150px\" \/><\/a>\n<h4 class=\"pt-cv-title\"><a href=\"https:\/\/zabieszczaduj.pl\/quiz\/idac-przez-glowny-szlak-beskidzki\/dzien-18\/\" class=\"_self\" target=\"_self\" >Dzie\u0144 18: bac\u00f3wka PTTK Pod Honem &#8211; Smerek (wie\u015b)<\/a><\/h4>\n<div class=\"pt-cv-content\">\/Przez bieszczadzki czerwony szlak niczym stado koni si\u0119 przetoczy Boli r\u0119ka, boli g\u0142owa, bol\u0105 plecy, boli noga, ale wy\u015bcig nadal ...<\/div><\/div><\/div>\n<div class=\"col-md-6 col-sm-6 col-xs-12 pt-cv-content-item pt-cv-2-col\" ><div class='pt-cv-ifield'><a href=\"https:\/\/zabieszczaduj.pl\/quiz\/idac-przez-glowny-szlak-beskidzki\/dzien-17\/\" class=\"_self pt-cv-href-thumbnail pt-cv-thumb-left\" target=\"_self\" ><img loading=\"lazy\" decoding=\"async\" width=\"150\" height=\"150\" src=\"https:\/\/zabieszczaduj.pl\/quiz\/wp-content\/uploads\/2015\/10\/fbfpi_1776ee0bd6d3ac5be25624e14b818ccc-150x150.jpg\" class=\"pt-cv-thumbnail pull-left\" alt=\"\" srcset=\"https:\/\/zabieszczaduj.pl\/quiz\/wp-content\/uploads\/2015\/10\/fbfpi_1776ee0bd6d3ac5be25624e14b818ccc-150x150.jpg 150w, https:\/\/zabieszczaduj.pl\/quiz\/wp-content\/uploads\/2015\/10\/fbfpi_1776ee0bd6d3ac5be25624e14b818ccc-300x300.jpg 300w, https:\/\/zabieszczaduj.pl\/quiz\/wp-content\/uploads\/2015\/10\/fbfpi_1776ee0bd6d3ac5be25624e14b818ccc.jpg 960w\" sizes=\"(max-width: 150px) 100vw, 150px\" \/><\/a>\n<h4 class=\"pt-cv-title\"><a href=\"https:\/\/zabieszczaduj.pl\/quiz\/idac-przez-glowny-szlak-beskidzki\/dzien-17\/\" class=\"_self\" target=\"_self\" >Dzie\u0144 17: Koma\u0144cza &#8211; bac\u00f3wka PTTK Pod Honem<\/a><\/h4>\n<div class=\"pt-cv-content\">Przez Duszatyn, Chryszczat\u0105, Jaworne, Wo\u0142osa\u0144 do bac\u00f3wki pod Honem. Pogodowo ciekawie, bo i deszcz, i grad nad jeziorka Duszaty\u0144skie przywia\u0142o ...<\/div><\/div><\/div>\n<div class=\"col-md-6 col-sm-6 col-xs-12 pt-cv-content-item pt-cv-2-col\" ><div class='pt-cv-ifield'><a href=\"https:\/\/zabieszczaduj.pl\/quiz\/idac-przez-glowny-szlak-beskidzki\/dzien-16\/\" class=\"_self pt-cv-href-thumbnail pt-cv-thumb-left\" target=\"_self\" ><img loading=\"lazy\" decoding=\"async\" width=\"150\" height=\"150\" src=\"https:\/\/zabieszczaduj.pl\/quiz\/wp-content\/uploads\/2015\/10\/fbfpi_9ea17483b03b5d1e0a5ac1655ce8494d-150x150.jpg\" class=\"pt-cv-thumbnail pull-left\" alt=\"\" \/><\/a>\n<h4 class=\"pt-cv-title\"><a href=\"https:\/\/zabieszczaduj.pl\/quiz\/idac-przez-glowny-szlak-beskidzki\/dzien-16\/\" class=\"_self\" target=\"_self\" >Dzie\u0144 16: Ryman\u00f3w-Zdr\u00f3j &#8211; Koma\u0144cza<\/a><\/h4>\n<div class=\"pt-cv-content\">Tak zachodzi\u0142o dzi\u015b s\u0142o\u0144ce na Wahalowskim Wierchu... 6h w\u0119dr\u00f3wki lasem nie spotkawszy nikogo, w deszczu, b\u0142ocie i z zegarkiem na ...<\/div><\/div><\/div>\n<div class=\"col-md-6 col-sm-6 col-xs-12 pt-cv-content-item pt-cv-2-col\" ><div class='pt-cv-ifield'><a href=\"https:\/\/zabieszczaduj.pl\/quiz\/idac-przez-glowny-szlak-beskidzki\/dzien-15\/\" class=\"_self pt-cv-href-thumbnail pt-cv-thumb-left\" target=\"_self\" ><img loading=\"lazy\" decoding=\"async\" width=\"150\" height=\"150\" src=\"https:\/\/zabieszczaduj.pl\/quiz\/wp-content\/uploads\/2015\/10\/fbfpi_4e29d5d89d15cbd2d017edd9dfd0f4b0-150x150.jpg\" class=\"pt-cv-thumbnail pull-left\" alt=\"\" srcset=\"https:\/\/zabieszczaduj.pl\/quiz\/wp-content\/uploads\/2015\/10\/fbfpi_4e29d5d89d15cbd2d017edd9dfd0f4b0-150x150.jpg 150w, https:\/\/zabieszczaduj.pl\/quiz\/wp-content\/uploads\/2015\/10\/fbfpi_4e29d5d89d15cbd2d017edd9dfd0f4b0-300x300.jpg 300w, https:\/\/zabieszczaduj.pl\/quiz\/wp-content\/uploads\/2015\/10\/fbfpi_4e29d5d89d15cbd2d017edd9dfd0f4b0.jpg 960w\" sizes=\"(max-width: 150px) 100vw, 150px\" \/><\/a>\n<h4 class=\"pt-cv-title\"><a href=\"https:\/\/zabieszczaduj.pl\/quiz\/idac-przez-glowny-szlak-beskidzki\/dzien-15\/\" class=\"_self\" target=\"_self\" >Dzie\u0144 15: Chyrowa &#8211; Ryman\u00f3w-Zdr\u00f3j<\/a><\/h4>\n<div class=\"pt-cv-content\">Wczorajsze \u015bniadanie w wydaniu p. Ludmi\u0142y to absolutne podium ca\u0142ej wyprawy. Ka\u017cdy kto si\u0119 skusi\u0142 i nie wyszed\u0142 przed 7m\u0105, ...<\/div><\/div><\/div>\n<div class=\"col-md-6 col-sm-6 col-xs-12 pt-cv-content-item pt-cv-2-col\" ><div class='pt-cv-ifield'><a href=\"https:\/\/zabieszczaduj.pl\/quiz\/idac-przez-glowny-szlak-beskidzki\/dzien-14\/\" class=\"_self pt-cv-href-thumbnail pt-cv-thumb-left\" target=\"_self\" ><img loading=\"lazy\" decoding=\"async\" width=\"150\" height=\"150\" src=\"https:\/\/zabieszczaduj.pl\/quiz\/wp-content\/uploads\/2015\/10\/fbfpi_712db1d236c48d971b58e092b55e2621-150x150.jpg\" class=\"pt-cv-thumbnail pull-left\" alt=\"\" srcset=\"https:\/\/zabieszczaduj.pl\/quiz\/wp-content\/uploads\/2015\/10\/fbfpi_712db1d236c48d971b58e092b55e2621-150x150.jpg 150w, https:\/\/zabieszczaduj.pl\/quiz\/wp-content\/uploads\/2015\/10\/fbfpi_712db1d236c48d971b58e092b55e2621-300x300.jpg 300w, https:\/\/zabieszczaduj.pl\/quiz\/wp-content\/uploads\/2015\/10\/fbfpi_712db1d236c48d971b58e092b55e2621.jpg 960w\" sizes=\"(max-width: 150px) 100vw, 150px\" \/><\/a>\n<h4 class=\"pt-cv-title\"><a href=\"https:\/\/zabieszczaduj.pl\/quiz\/idac-przez-glowny-szlak-beskidzki\/dzien-14\/\" class=\"_self\" target=\"_self\" >Dzie\u0144 14: bac\u00f3wka PTTK Bartne &#8211; Chyrowa<\/a><\/h4>\n<div class=\"pt-cv-content\">Cz\u0119sto w lesie, ale i na noclegach jestem poza zasi\u0119giem (cho\u0107 jak wida\u0107 na za\u0142\u0105czonym obrazku pr\u00f3buje si\u0119 zorganizowa\u0107 jakie\u015b ...<\/div><\/div><\/div>\n<div class=\"col-md-6 col-sm-6 col-xs-12 pt-cv-content-item pt-cv-2-col\" ><div class='pt-cv-ifield'><a href=\"https:\/\/zabieszczaduj.pl\/quiz\/idac-przez-glowny-szlak-beskidzki\/dzien-13\/\" class=\"_self pt-cv-href-thumbnail pt-cv-thumb-left\" target=\"_self\" ><img loading=\"lazy\" decoding=\"async\" width=\"150\" height=\"150\" src=\"https:\/\/zabieszczaduj.pl\/quiz\/wp-content\/uploads\/2015\/10\/fbfpi_98ace9030c440f675c550a7bf204efc0-150x150.jpg\" class=\"pt-cv-thumbnail pull-left\" alt=\"\" srcset=\"https:\/\/zabieszczaduj.pl\/quiz\/wp-content\/uploads\/2015\/10\/fbfpi_98ace9030c440f675c550a7bf204efc0-150x150.jpg 150w, https:\/\/zabieszczaduj.pl\/quiz\/wp-content\/uploads\/2015\/10\/fbfpi_98ace9030c440f675c550a7bf204efc0-300x300.jpg 300w, https:\/\/zabieszczaduj.pl\/quiz\/wp-content\/uploads\/2015\/10\/fbfpi_98ace9030c440f675c550a7bf204efc0.jpg 960w\" sizes=\"(max-width: 150px) 100vw, 150px\" \/><\/a>\n<h4 class=\"pt-cv-title\"><a href=\"https:\/\/zabieszczaduj.pl\/quiz\/idac-przez-glowny-szlak-beskidzki\/dzien-13\/\" class=\"_self\" target=\"_self\" >Dzie\u0144 13: Ha\u0144czowa &#8211; bac\u00f3wka PTTK Bartne<\/a><\/h4>\n<div class=\"pt-cv-content\">Wraz z osi\u0105gni\u0119ciem doliny potoku Mochnaczka zmienia si\u0119 krajobraz, \u015bwierkowym lasom towarzysz\u0105cym w\u0119drowkom po S\u0105decczy\u017anie pora powiedzie\u0107 do zobaczenia. Czas ...<\/div><\/div><\/div>\n<div class=\"col-md-6 col-sm-6 col-xs-12 pt-cv-content-item pt-cv-2-col\" ><div class='pt-cv-ifield'><a href=\"https:\/\/zabieszczaduj.pl\/quiz\/idac-przez-glowny-szlak-beskidzki\/dzien-12\/\" class=\"_self pt-cv-href-thumbnail pt-cv-thumb-left\" target=\"_self\" ><img loading=\"lazy\" decoding=\"async\" width=\"150\" height=\"150\" src=\"https:\/\/zabieszczaduj.pl\/quiz\/wp-content\/uploads\/2015\/10\/fbfpi_45b2ecd2365c835e1fc423fdb1b19f81-150x150.jpg\" class=\"pt-cv-thumbnail pull-left\" alt=\"\" srcset=\"https:\/\/zabieszczaduj.pl\/quiz\/wp-content\/uploads\/2015\/10\/fbfpi_45b2ecd2365c835e1fc423fdb1b19f81-150x150.jpg 150w, https:\/\/zabieszczaduj.pl\/quiz\/wp-content\/uploads\/2015\/10\/fbfpi_45b2ecd2365c835e1fc423fdb1b19f81-300x300.jpg 300w, https:\/\/zabieszczaduj.pl\/quiz\/wp-content\/uploads\/2015\/10\/fbfpi_45b2ecd2365c835e1fc423fdb1b19f81.jpg 960w\" sizes=\"(max-width: 150px) 100vw, 150px\" \/><\/a>\n<h4 class=\"pt-cv-title\"><a href=\"https:\/\/zabieszczaduj.pl\/quiz\/idac-przez-glowny-szlak-beskidzki\/dzien-12\/\" class=\"_self\" target=\"_self\" >Dzie\u0144 12: Jaworzyna Krynicka &#8211; Ha\u0144czowa<\/a><\/h4>\n<div class=\"pt-cv-content\">Pytanie: jak i\u015b\u0107? Patrz\u0105c po szlaku z Jaworzyny do Krynicy odpowied\u017a oczywista: d\u0142u\u017cej i ciekawiej, znaczy zawsze czerwonym! Najwcze\u015bniej spotykam ...<\/div><\/div><\/div>\n<div class=\"col-md-6 col-sm-6 col-xs-12 pt-cv-content-item pt-cv-2-col\" ><div class='pt-cv-ifield'><a href=\"https:\/\/zabieszczaduj.pl\/quiz\/idac-przez-glowny-szlak-beskidzki\/dzien-11\/\" class=\"_self pt-cv-href-thumbnail pt-cv-thumb-left\" target=\"_self\" ><img loading=\"lazy\" decoding=\"async\" width=\"150\" height=\"150\" src=\"https:\/\/zabieszczaduj.pl\/quiz\/wp-content\/uploads\/2015\/10\/fbfpi_2ecdcb1795e0c6ca4fc772972e9bb5d5-150x150.jpg\" class=\"pt-cv-thumbnail pull-left\" alt=\"\" srcset=\"https:\/\/zabieszczaduj.pl\/quiz\/wp-content\/uploads\/2015\/10\/fbfpi_2ecdcb1795e0c6ca4fc772972e9bb5d5-150x150.jpg 150w, https:\/\/zabieszczaduj.pl\/quiz\/wp-content\/uploads\/2015\/10\/fbfpi_2ecdcb1795e0c6ca4fc772972e9bb5d5-300x300.jpg 300w, https:\/\/zabieszczaduj.pl\/quiz\/wp-content\/uploads\/2015\/10\/fbfpi_2ecdcb1795e0c6ca4fc772972e9bb5d5.jpg 960w\" sizes=\"(max-width: 150px) 100vw, 150px\" \/><\/a>\n<h4 class=\"pt-cv-title\"><a href=\"https:\/\/zabieszczaduj.pl\/quiz\/idac-przez-glowny-szlak-beskidzki\/dzien-11\/\" class=\"_self\" target=\"_self\" >Dzie\u0144 11: Rytro &#8211; Jaworzyna Krynicka<\/a><\/h4>\n<div class=\"pt-cv-content\">Tak jak d\u0142u\u017cej na szlaku nie spotkasz nikogo, to jednak tury\u015bci spotkani w Schronisko PTTK na Hali \u0141abowskiej, mieli co ...<\/div><\/div><\/div><\/div><\/div>\n<div class=\" pt-cv-pagination-wrapper\"><ul class=\"pt-cv-pagination pt-cv-ajax pagination\" data-totalpages=\"2\" data-currentpage=\"1\" data-sid=\"bb2717843a\" data-unid=\"\" data-isblock=\"\" data-postid=\"\"><li class=\"active\"><a href=\"#\">1<\/a><\/li>\n\t<li ><a class=\"\" href=\"https:\/\/zabieszczaduj.pl\/quiz\/wp-json\/wp\/v2\/pages\/1040\/?_page=2\">2<\/a><\/li>\n\t<li ><a class=\" \" href=\"https:\/\/zabieszczaduj.pl\/quiz\/wp-json\/wp\/v2\/pages\/1040\/?_page=2\">&rsaquo;<\/a><\/li>\n\t<\/ul><img loading=\"lazy\" decoding=\"async\" width=\"15\" height=\"15\" class=\"pt-cv-spinner\" alt=\"Loading...\" src=\"data:image\/gif;base64,R0lGODlhDwAPALMPAMrKygwMDJOTkz09PZWVla+vr3p6euTk5M7OzuXl5TMzMwAAAJmZmWZmZszMzP\/\/\/yH\/C05FVFNDQVBFMi4wAwEAAAAh+QQFCgAPACwAAAAADwAPAAAEQvDJaZaZOIcV8iQK8VRX4iTYoAwZ4iCYoAjZ4RxejhVNoT+mRGP4cyF4Pp0N98sBGIBMEMOotl6YZ3S61Bmbkm4mAgAh+QQFCgAPACwAAAAADQANAAAENPDJSRSZeA418itN8QiK8BiLITVsFiyBBIoYqnoewAD4xPw9iY4XLGYSjkQR4UAUD45DLwIAIfkEBQoADwAsAAAAAA8ACQAABC\/wyVlamTi3nSdgwFNdhEJgTJoNyoB9ISYoQmdjiZPcj7EYCAeCF1gEDo4Dz2eIAAAh+QQFCgAPACwCAAAADQANAAAEM\/DJBxiYeLKdX3IJZT1FU0iIg2RNKx3OkZVnZ98ToRD4MyiDnkAh6BkNC0MvsAj0kMpHBAAh+QQFCgAPACwGAAAACQAPAAAEMDC59KpFDll73HkAA2wVY5KgiK5b0RRoI6MuzG6EQqCDMlSGheEhUAgqgUUAFRySIgAh+QQFCgAPACwCAAIADQANAAAEM\/DJKZNLND\/kkKaHc3xk+QAMYDKsiaqmZCxGVjSFFCxB1vwy2oOgIDxuucxAMTAJFAJNBAAh+QQFCgAPACwAAAYADwAJAAAEMNAs86q1yaWwwv2Ig0jUZx3OYa4XoRAfwADXoAwfo1+CIjyFRuEho60aSNYlOPxEAAAh+QQFCgAPACwAAAIADQANAAAENPA9s4y8+IUVcqaWJ4qEQozSoAzoIyhCK2NFU2SJk0hNnyEOhKR2AzAAj4Pj4GE4W0bkJQIAOw==\" \/><div class=\"clear pt-cv-clear-pagination\"><\/div><\/div><\/div>\n","protected":false},"excerpt":{"rendered":"<p>Id\u0105c przez G\u0142\u00f3wny Szlak Beskidzki pod\u0105\u017ca si\u0119 \u015bladami pionier\u00f3w projekt\u00f3w g\u00f3rskich w\u0119dr\u00f3wek. Poni\u017cej nieco historii znakowania beskidzkich szlak\u00f3w.<\/p>\n","protected":false},"author":1,"featured_media":0,"parent":0,"menu_order":0,"comment_status":"closed","ping_status":"open","template":"","meta":{"_exactmetrics_skip_tracking":false,"_exactmetrics_sitenote_active":false,"_exactmetrics_sitenote_note":"","_exactmetrics_sitenote_category":0,"footnotes":""},"class_list":["post-1040","page","type-page","status-publish","hentry"],"yoast_head":"<!-- This site is optimized with the Yoast SEO plugin v25.0 - https:\/\/yoast.com\/wordpress\/plugins\/seo\/ -->\n<title>Id\u0105c przez G\u0142\u00f3wny Szlak Beskidzki pod\u0105\u017ca si\u0119 ... - Bieszczadzki Quiz<\/title>\n<meta name=\"robots\" content=\"index, follow, max-snippet:-1, max-image-preview:large, max-video-preview:-1\" \/>\n<link rel=\"canonical\" href=\"https:\/\/zabieszczaduj.pl\/quiz\/idac-przez-glowny-szlak-beskidzki\/\" \/>\n<meta property=\"og:locale\" content=\"pl_PL\" \/>\n<meta property=\"og:type\" content=\"article\" \/>\n<meta property=\"og:title\" content=\"Id\u0105c przez G\u0142\u00f3wny Szlak Beskidzki pod\u0105\u017ca si\u0119 ... - Bieszczadzki Quiz\" \/>\n<meta property=\"og:description\" content=\"Id\u0105c przez G\u0142\u00f3wny Szlak Beskidzki pod\u0105\u017ca si\u0119 \u015bladami pionier\u00f3w projekt\u00f3w g\u00f3rskich w\u0119dr\u00f3wek. Poni\u017cej nieco historii znakowania beskidzkich szlak\u00f3w.\" \/>\n<meta property=\"og:url\" content=\"https:\/\/zabieszczaduj.pl\/quiz\/idac-przez-glowny-szlak-beskidzki\/\" \/>\n<meta property=\"og:site_name\" content=\"Bieszczadzki Quiz\" \/>\n<meta property=\"article:modified_time\" content=\"2015-11-10T21:27:31+00:00\" \/>\n<script type=\"application\/ld+json\" class=\"yoast-schema-graph\">{\"@context\":\"https:\/\/schema.org\",\"@graph\":[{\"@type\":\"WebPage\",\"@id\":\"https:\/\/zabieszczaduj.pl\/quiz\/idac-przez-glowny-szlak-beskidzki\/\",\"url\":\"https:\/\/zabieszczaduj.pl\/quiz\/idac-przez-glowny-szlak-beskidzki\/\",\"name\":\"Id\u0105c przez G\u0142\u00f3wny Szlak Beskidzki pod\u0105\u017ca si\u0119 ... - Bieszczadzki Quiz\",\"isPartOf\":{\"@id\":\"https:\/\/zabieszczaduj.pl\/quiz\/#website\"},\"datePublished\":\"2015-10-29T11:26:38+00:00\",\"dateModified\":\"2015-11-10T21:27:31+00:00\",\"breadcrumb\":{\"@id\":\"https:\/\/zabieszczaduj.pl\/quiz\/idac-przez-glowny-szlak-beskidzki\/#breadcrumb\"},\"inLanguage\":\"pl-PL\",\"potentialAction\":[{\"@type\":\"ReadAction\",\"target\":[\"https:\/\/zabieszczaduj.pl\/quiz\/idac-przez-glowny-szlak-beskidzki\/\"]}]},{\"@type\":\"BreadcrumbList\",\"@id\":\"https:\/\/zabieszczaduj.pl\/quiz\/idac-przez-glowny-szlak-beskidzki\/#breadcrumb\",\"itemListElement\":[{\"@type\":\"ListItem\",\"position\":1,\"name\":\"Strona g\u0142\u00f3wna\",\"item\":\"https:\/\/zabieszczaduj.pl\/quiz\/\"},{\"@type\":\"ListItem\",\"position\":2,\"name\":\"Id\u0105c przez G\u0142\u00f3wny Szlak Beskidzki pod\u0105\u017ca si\u0119 &#8230;\"}]},{\"@type\":\"WebSite\",\"@id\":\"https:\/\/zabieszczaduj.pl\/quiz\/#website\",\"url\":\"https:\/\/zabieszczaduj.pl\/quiz\/\",\"name\":\"Bieszczadzki Quiz\",\"description\":\"G&oacute;ry i ludzie, w\u0119dr&oacute;wki z plecakiem, pi\u0119kne widoki i schroniskowe bazy zawsze szeroko otwarte dla zdobywaj\u0105cych Bieszczady\",\"potentialAction\":[{\"@type\":\"SearchAction\",\"target\":{\"@type\":\"EntryPoint\",\"urlTemplate\":\"https:\/\/zabieszczaduj.pl\/quiz\/?s={search_term_string}\"},\"query-input\":{\"@type\":\"PropertyValueSpecification\",\"valueRequired\":true,\"valueName\":\"search_term_string\"}}],\"inLanguage\":\"pl-PL\"}]}<\/script>\n<!-- \/ Yoast SEO plugin. -->","yoast_head_json":{"title":"Id\u0105c przez G\u0142\u00f3wny Szlak Beskidzki pod\u0105\u017ca si\u0119 ... - Bieszczadzki Quiz","robots":{"index":"index","follow":"follow","max-snippet":"max-snippet:-1","max-image-preview":"max-image-preview:large","max-video-preview":"max-video-preview:-1"},"canonical":"https:\/\/zabieszczaduj.pl\/quiz\/idac-przez-glowny-szlak-beskidzki\/","og_locale":"pl_PL","og_type":"article","og_title":"Id\u0105c przez G\u0142\u00f3wny Szlak Beskidzki pod\u0105\u017ca si\u0119 ... - Bieszczadzki Quiz","og_description":"Id\u0105c przez G\u0142\u00f3wny Szlak Beskidzki pod\u0105\u017ca si\u0119 \u015bladami pionier\u00f3w projekt\u00f3w g\u00f3rskich w\u0119dr\u00f3wek. Poni\u017cej nieco historii znakowania beskidzkich szlak\u00f3w.","og_url":"https:\/\/zabieszczaduj.pl\/quiz\/idac-przez-glowny-szlak-beskidzki\/","og_site_name":"Bieszczadzki Quiz","article_modified_time":"2015-11-10T21:27:31+00:00","schema":{"@context":"https:\/\/schema.org","@graph":[{"@type":"WebPage","@id":"https:\/\/zabieszczaduj.pl\/quiz\/idac-przez-glowny-szlak-beskidzki\/","url":"https:\/\/zabieszczaduj.pl\/quiz\/idac-przez-glowny-szlak-beskidzki\/","name":"Id\u0105c przez G\u0142\u00f3wny Szlak Beskidzki pod\u0105\u017ca si\u0119 ... - Bieszczadzki Quiz","isPartOf":{"@id":"https:\/\/zabieszczaduj.pl\/quiz\/#website"},"datePublished":"2015-10-29T11:26:38+00:00","dateModified":"2015-11-10T21:27:31+00:00","breadcrumb":{"@id":"https:\/\/zabieszczaduj.pl\/quiz\/idac-przez-glowny-szlak-beskidzki\/#breadcrumb"},"inLanguage":"pl-PL","potentialAction":[{"@type":"ReadAction","target":["https:\/\/zabieszczaduj.pl\/quiz\/idac-przez-glowny-szlak-beskidzki\/"]}]},{"@type":"BreadcrumbList","@id":"https:\/\/zabieszczaduj.pl\/quiz\/idac-przez-glowny-szlak-beskidzki\/#breadcrumb","itemListElement":[{"@type":"ListItem","position":1,"name":"Strona g\u0142\u00f3wna","item":"https:\/\/zabieszczaduj.pl\/quiz\/"},{"@type":"ListItem","position":2,"name":"Id\u0105c przez G\u0142\u00f3wny Szlak Beskidzki pod\u0105\u017ca si\u0119 &#8230;"}]},{"@type":"WebSite","@id":"https:\/\/zabieszczaduj.pl\/quiz\/#website","url":"https:\/\/zabieszczaduj.pl\/quiz\/","name":"Bieszczadzki Quiz","description":"G&oacute;ry i ludzie, w\u0119dr&oacute;wki z plecakiem, pi\u0119kne widoki i schroniskowe bazy zawsze szeroko otwarte dla zdobywaj\u0105cych Bieszczady","potentialAction":[{"@type":"SearchAction","target":{"@type":"EntryPoint","urlTemplate":"https:\/\/zabieszczaduj.pl\/quiz\/?s={search_term_string}"},"query-input":{"@type":"PropertyValueSpecification","valueRequired":true,"valueName":"search_term_string"}}],"inLanguage":"pl-PL"}]}},"_links":{"self":[{"href":"https:\/\/zabieszczaduj.pl\/quiz\/wp-json\/wp\/v2\/pages\/1040","targetHints":{"allow":["GET"]}}],"collection":[{"href":"https:\/\/zabieszczaduj.pl\/quiz\/wp-json\/wp\/v2\/pages"}],"about":[{"href":"https:\/\/zabieszczaduj.pl\/quiz\/wp-json\/wp\/v2\/types\/page"}],"author":[{"embeddable":true,"href":"https:\/\/zabieszczaduj.pl\/quiz\/wp-json\/wp\/v2\/users\/1"}],"replies":[{"embeddable":true,"href":"https:\/\/zabieszczaduj.pl\/quiz\/wp-json\/wp\/v2\/comments?post=1040"}],"version-history":[{"count":5,"href":"https:\/\/zabieszczaduj.pl\/quiz\/wp-json\/wp\/v2\/pages\/1040\/revisions"}],"predecessor-version":[{"id":1233,"href":"https:\/\/zabieszczaduj.pl\/quiz\/wp-json\/wp\/v2\/pages\/1040\/revisions\/1233"}],"wp:attachment":[{"href":"https:\/\/zabieszczaduj.pl\/quiz\/wp-json\/wp\/v2\/media?parent=1040"}],"curies":[{"name":"wp","href":"https:\/\/api.w.org\/{rel}","templated":true}]}}