{"id":1022,"date":"2015-08-31T10:36:08","date_gmt":"2015-08-31T08:36:08","guid":{"rendered":"http:\/\/zabieszczaduj.pl\/quiz\/?post_type=status-message&#038;p=1022"},"modified":"2015-11-02T21:34:27","modified_gmt":"2015-11-02T20:34:27","slug":"dzien-10","status":"publish","type":"page","link":"https:\/\/zabieszczaduj.pl\/quiz\/idac-przez-glowny-szlak-beskidzki\/dzien-10\/","title":{"rendered":"Dzie\u0144 10: Kro\u015bcienko nad Dunajcem &#8211; Rytro"},"content":{"rendered":"<div class=\"fcbkbttn_buttons_block\" id=\"fcbkbttn_left\"><div class=\"fcbkbttn_like \"><fb:like href=\"https:\/\/zabieszczaduj.pl\/quiz\/idac-przez-glowny-szlak-beskidzki\/dzien-10\/\" action=\"like\" colorscheme=\"light\" layout=\"button_count\"  size=\"small\"><\/fb:like><\/div><\/div><p>Dobrze by\u0142o zosta\u0107 w Rytrze cho\u0107by dla smaku \u015bwie\u017cego pieczywa o poranku&#8230; \ud83d\ude42 Kanapka na drog\u0119? Jest! A nale\u015bniki z bor\u00f3wkami dopad\u0142y mnie wczoraj w Schronisko PTTK Przehyba G\u0142\u00f3wnie dzi\u0119ki nim uda\u0142o si\u0119 zdoby\u0107 Radziejow\u0105 &#8211; ostatni z najwy\u017cszych szczyt\u00f3w grup g\u00f3rskich na czerwonym szlaku (przez Lackow\u0105 i Tarnic\u0119 szlak nie wiedzie). Dzi\u015b celem Jaworzyna Krynicka 1114 M.n.p.m. &#8211; to b\u0119dzie p\u00f3\u0142metek przej\u015bcia GSB!<\/p>\n<div class=\"fbfpi_photo\"><img decoding=\"async\" src=\"http:\/\/zabieszczaduj.pl\/quiz\/wp-content\/uploads\/2015\/10\/fbfpi_c68bf553f3b3fedf922db38408105511.jpg\"><\/div>\n<p>Pasmo Radziejowej vs pasmo Jaworzyny &#8211; z niezalesionego szczytu tej drugiej, ku ca\u0142ej swej wdzi\u0119czno\u015bci do cienia le\u015bnych \u015bcie\u017cek, osi\u0105gni\u0119tych ju\u017c po stromych, porannych podej\u015bciach &#8211; wczoraj z Kro\u015bcienka a dzi\u015b z Rytra &#8211; licz\u0119 rano na widoki, kt\u00f3re wynagrodz\u0105 wczesne wstawanie. Dobranoc wi\u0119c z prawie pustego schroniska. Cho\u0107 zawsze jest z kim posiedzie\u0107, a kolejny dzie\u0144 to agroturystyki w Beskidzie Niskim, to jutro jednak ju\u017c czeka dystans 34km do Ha\u0144czowej!<\/p>\n<div class=\"fbfpi_photo\"><img decoding=\"async\" src=\"http:\/\/zabieszczaduj.pl\/quiz\/wp-content\/uploads\/2015\/10\/fbfpi_e26a75a649503ee7e7697a591fcb0097.jpg\"><\/div>\n","protected":false},"excerpt":{"rendered":"<p>Dobrze by\u0142o zosta\u0107 w Rytrze cho\u0107by dla smaku \u015bwie\u017cego pieczywa o poranku&#8230; \ud83d\ude42 Kanapka na drog\u0119? Jest! A nale\u015bniki z bor\u00f3wkami dopad\u0142y mnie wczoraj w Schronisko PTTK Przehyba G\u0142\u00f3wnie dzi\u0119ki nim uda\u0142o si\u0119 zdoby\u0107 Radziejow\u0105 &#8211; ostatni z najwy\u017cszych szczyt\u00f3w grup g\u00f3rskich na czerwonym szlaku (przez Lackow\u0105 i Tarnic\u0119 szlak nie wiedzie). Dzi\u015b celem Jaworzyna Krynicka 1114 M.n.p.m. &#8211; to b\u0119dzie p\u00f3\u0142metek przej\u015bcia GSB!<\/p>\n","protected":false},"author":1,"featured_media":1023,"parent":1040,"menu_order":0,"comment_status":"closed","ping_status":"closed","template":"","meta":{"_exactmetrics_skip_tracking":false,"_exactmetrics_sitenote_active":false,"_exactmetrics_sitenote_note":"","_exactmetrics_sitenote_category":0,"footnotes":""},"class_list":["post-1022","page","type-page","status-publish","has-post-thumbnail","hentry"],"yoast_head":"<!-- This site is optimized with the Yoast SEO plugin v25.0 - https:\/\/yoast.com\/wordpress\/plugins\/seo\/ -->\n<title>Dzie\u0144 10: Kro\u015bcienko nad Dunajcem - Rytro - Bieszczadzki Quiz<\/title>\n<meta name=\"robots\" content=\"index, follow, max-snippet:-1, max-image-preview:large, max-video-preview:-1\" \/>\n<link rel=\"canonical\" href=\"https:\/\/zabieszczaduj.pl\/quiz\/idac-przez-glowny-szlak-beskidzki\/dzien-10\/\" \/>\n<meta property=\"og:locale\" content=\"pl_PL\" \/>\n<meta property=\"og:type\" content=\"article\" \/>\n<meta property=\"og:title\" content=\"Dzie\u0144 10: Kro\u015bcienko nad Dunajcem - Rytro - Bieszczadzki Quiz\" \/>\n<meta property=\"og:description\" content=\"Dobrze by\u0142o zosta\u0107 w Rytrze cho\u0107by dla smaku \u015bwie\u017cego pieczywa o poranku... :) Kanapka na drog\u0119? Jest! A nale\u015bniki z bor\u00f3wkami dopad\u0142y mnie wczoraj w Schronisko PTTK Przehyba G\u0142\u00f3wnie dzi\u0119ki nim uda\u0142o si\u0119 zdoby\u0107 Radziejow\u0105 - ostatni z najwy\u017cszych szczyt\u00f3w grup g\u00f3rskich na czerwonym szlaku (przez Lackow\u0105 i Tarnic\u0119 szlak nie wiedzie). Dzi\u015b celem Jaworzyna Krynicka 1114 M.n.p.m. - to b\u0119dzie p\u00f3\u0142metek przej\u015bcia GSB!\" \/>\n<meta property=\"og:url\" content=\"https:\/\/zabieszczaduj.pl\/quiz\/idac-przez-glowny-szlak-beskidzki\/dzien-10\/\" \/>\n<meta property=\"og:site_name\" content=\"Bieszczadzki Quiz\" \/>\n<meta property=\"article:modified_time\" content=\"2015-11-02T20:34:27+00:00\" \/>\n<meta property=\"og:image\" content=\"https:\/\/zabieszczaduj.pl\/quiz\/wp-content\/uploads\/2015\/10\/fbfpi_c68bf553f3b3fedf922db38408105511.jpg\" \/>\n\t<meta property=\"og:image:width\" content=\"960\" \/>\n\t<meta property=\"og:image:height\" content=\"960\" \/>\n\t<meta property=\"og:image:type\" content=\"image\/jpeg\" \/>\n<meta name=\"twitter:label1\" content=\"Szacowany czas czytania\" \/>\n\t<meta name=\"twitter:data1\" content=\"1 minuta\" \/>\n<script type=\"application\/ld+json\" class=\"yoast-schema-graph\">{\"@context\":\"https:\/\/schema.org\",\"@graph\":[{\"@type\":\"WebPage\",\"@id\":\"https:\/\/zabieszczaduj.pl\/quiz\/idac-przez-glowny-szlak-beskidzki\/dzien-10\/\",\"url\":\"https:\/\/zabieszczaduj.pl\/quiz\/idac-przez-glowny-szlak-beskidzki\/dzien-10\/\",\"name\":\"Dzie\u0144 10: Kro\u015bcienko nad Dunajcem - Rytro - Bieszczadzki Quiz\",\"isPartOf\":{\"@id\":\"https:\/\/zabieszczaduj.pl\/quiz\/#website\"},\"primaryImageOfPage\":{\"@id\":\"https:\/\/zabieszczaduj.pl\/quiz\/idac-przez-glowny-szlak-beskidzki\/dzien-10\/#primaryimage\"},\"image\":{\"@id\":\"https:\/\/zabieszczaduj.pl\/quiz\/idac-przez-glowny-szlak-beskidzki\/dzien-10\/#primaryimage\"},\"thumbnailUrl\":\"https:\/\/zabieszczaduj.pl\/quiz\/wp-content\/uploads\/2015\/10\/fbfpi_c68bf553f3b3fedf922db38408105511.jpg\",\"datePublished\":\"2015-08-31T08:36:08+00:00\",\"dateModified\":\"2015-11-02T20:34:27+00:00\",\"breadcrumb\":{\"@id\":\"https:\/\/zabieszczaduj.pl\/quiz\/idac-przez-glowny-szlak-beskidzki\/dzien-10\/#breadcrumb\"},\"inLanguage\":\"pl-PL\",\"potentialAction\":[{\"@type\":\"ReadAction\",\"target\":[\"https:\/\/zabieszczaduj.pl\/quiz\/idac-przez-glowny-szlak-beskidzki\/dzien-10\/\"]}]},{\"@type\":\"ImageObject\",\"inLanguage\":\"pl-PL\",\"@id\":\"https:\/\/zabieszczaduj.pl\/quiz\/idac-przez-glowny-szlak-beskidzki\/dzien-10\/#primaryimage\",\"url\":\"https:\/\/zabieszczaduj.pl\/quiz\/wp-content\/uploads\/2015\/10\/fbfpi_c68bf553f3b3fedf922db38408105511.jpg\",\"contentUrl\":\"https:\/\/zabieszczaduj.pl\/quiz\/wp-content\/uploads\/2015\/10\/fbfpi_c68bf553f3b3fedf922db38408105511.jpg\",\"width\":960,\"height\":960},{\"@type\":\"BreadcrumbList\",\"@id\":\"https:\/\/zabieszczaduj.pl\/quiz\/idac-przez-glowny-szlak-beskidzki\/dzien-10\/#breadcrumb\",\"itemListElement\":[{\"@type\":\"ListItem\",\"position\":1,\"name\":\"Strona g\u0142\u00f3wna\",\"item\":\"https:\/\/zabieszczaduj.pl\/quiz\/\"},{\"@type\":\"ListItem\",\"position\":2,\"name\":\"Id\u0105c przez G\u0142\u00f3wny Szlak Beskidzki pod\u0105\u017ca si\u0119 &#8230;\",\"item\":\"https:\/\/zabieszczaduj.pl\/quiz\/idac-przez-glowny-szlak-beskidzki\/\"},{\"@type\":\"ListItem\",\"position\":3,\"name\":\"Dzie\u0144 10: Kro\u015bcienko nad Dunajcem &#8211; Rytro\"}]},{\"@type\":\"WebSite\",\"@id\":\"https:\/\/zabieszczaduj.pl\/quiz\/#website\",\"url\":\"https:\/\/zabieszczaduj.pl\/quiz\/\",\"name\":\"Bieszczadzki Quiz\",\"description\":\"G&oacute;ry i ludzie, w\u0119dr&oacute;wki z plecakiem, pi\u0119kne widoki i schroniskowe bazy zawsze szeroko otwarte dla zdobywaj\u0105cych Bieszczady\",\"potentialAction\":[{\"@type\":\"SearchAction\",\"target\":{\"@type\":\"EntryPoint\",\"urlTemplate\":\"https:\/\/zabieszczaduj.pl\/quiz\/?s={search_term_string}\"},\"query-input\":{\"@type\":\"PropertyValueSpecification\",\"valueRequired\":true,\"valueName\":\"search_term_string\"}}],\"inLanguage\":\"pl-PL\"}]}<\/script>\n<!-- \/ Yoast SEO plugin. -->","yoast_head_json":{"title":"Dzie\u0144 10: Kro\u015bcienko nad Dunajcem - Rytro - Bieszczadzki Quiz","robots":{"index":"index","follow":"follow","max-snippet":"max-snippet:-1","max-image-preview":"max-image-preview:large","max-video-preview":"max-video-preview:-1"},"canonical":"https:\/\/zabieszczaduj.pl\/quiz\/idac-przez-glowny-szlak-beskidzki\/dzien-10\/","og_locale":"pl_PL","og_type":"article","og_title":"Dzie\u0144 10: Kro\u015bcienko nad Dunajcem - Rytro - Bieszczadzki Quiz","og_description":"Dobrze by\u0142o zosta\u0107 w Rytrze cho\u0107by dla smaku \u015bwie\u017cego pieczywa o poranku... :) Kanapka na drog\u0119? Jest! A nale\u015bniki z bor\u00f3wkami dopad\u0142y mnie wczoraj w Schronisko PTTK Przehyba G\u0142\u00f3wnie dzi\u0119ki nim uda\u0142o si\u0119 zdoby\u0107 Radziejow\u0105 - ostatni z najwy\u017cszych szczyt\u00f3w grup g\u00f3rskich na czerwonym szlaku (przez Lackow\u0105 i Tarnic\u0119 szlak nie wiedzie). Dzi\u015b celem Jaworzyna Krynicka 1114 M.n.p.m. - to b\u0119dzie p\u00f3\u0142metek przej\u015bcia GSB!","og_url":"https:\/\/zabieszczaduj.pl\/quiz\/idac-przez-glowny-szlak-beskidzki\/dzien-10\/","og_site_name":"Bieszczadzki Quiz","article_modified_time":"2015-11-02T20:34:27+00:00","og_image":[{"width":960,"height":960,"url":"https:\/\/zabieszczaduj.pl\/quiz\/wp-content\/uploads\/2015\/10\/fbfpi_c68bf553f3b3fedf922db38408105511.jpg","type":"image\/jpeg"}],"twitter_misc":{"Szacowany czas czytania":"1 minuta"},"schema":{"@context":"https:\/\/schema.org","@graph":[{"@type":"WebPage","@id":"https:\/\/zabieszczaduj.pl\/quiz\/idac-przez-glowny-szlak-beskidzki\/dzien-10\/","url":"https:\/\/zabieszczaduj.pl\/quiz\/idac-przez-glowny-szlak-beskidzki\/dzien-10\/","name":"Dzie\u0144 10: Kro\u015bcienko nad Dunajcem - Rytro - Bieszczadzki Quiz","isPartOf":{"@id":"https:\/\/zabieszczaduj.pl\/quiz\/#website"},"primaryImageOfPage":{"@id":"https:\/\/zabieszczaduj.pl\/quiz\/idac-przez-glowny-szlak-beskidzki\/dzien-10\/#primaryimage"},"image":{"@id":"https:\/\/zabieszczaduj.pl\/quiz\/idac-przez-glowny-szlak-beskidzki\/dzien-10\/#primaryimage"},"thumbnailUrl":"https:\/\/zabieszczaduj.pl\/quiz\/wp-content\/uploads\/2015\/10\/fbfpi_c68bf553f3b3fedf922db38408105511.jpg","datePublished":"2015-08-31T08:36:08+00:00","dateModified":"2015-11-02T20:34:27+00:00","breadcrumb":{"@id":"https:\/\/zabieszczaduj.pl\/quiz\/idac-przez-glowny-szlak-beskidzki\/dzien-10\/#breadcrumb"},"inLanguage":"pl-PL","potentialAction":[{"@type":"ReadAction","target":["https:\/\/zabieszczaduj.pl\/quiz\/idac-przez-glowny-szlak-beskidzki\/dzien-10\/"]}]},{"@type":"ImageObject","inLanguage":"pl-PL","@id":"https:\/\/zabieszczaduj.pl\/quiz\/idac-przez-glowny-szlak-beskidzki\/dzien-10\/#primaryimage","url":"https:\/\/zabieszczaduj.pl\/quiz\/wp-content\/uploads\/2015\/10\/fbfpi_c68bf553f3b3fedf922db38408105511.jpg","contentUrl":"https:\/\/zabieszczaduj.pl\/quiz\/wp-content\/uploads\/2015\/10\/fbfpi_c68bf553f3b3fedf922db38408105511.jpg","width":960,"height":960},{"@type":"BreadcrumbList","@id":"https:\/\/zabieszczaduj.pl\/quiz\/idac-przez-glowny-szlak-beskidzki\/dzien-10\/#breadcrumb","itemListElement":[{"@type":"ListItem","position":1,"name":"Strona g\u0142\u00f3wna","item":"https:\/\/zabieszczaduj.pl\/quiz\/"},{"@type":"ListItem","position":2,"name":"Id\u0105c przez G\u0142\u00f3wny Szlak Beskidzki pod\u0105\u017ca si\u0119 &#8230;","item":"https:\/\/zabieszczaduj.pl\/quiz\/idac-przez-glowny-szlak-beskidzki\/"},{"@type":"ListItem","position":3,"name":"Dzie\u0144 10: Kro\u015bcienko nad Dunajcem &#8211; Rytro"}]},{"@type":"WebSite","@id":"https:\/\/zabieszczaduj.pl\/quiz\/#website","url":"https:\/\/zabieszczaduj.pl\/quiz\/","name":"Bieszczadzki Quiz","description":"G&oacute;ry i ludzie, w\u0119dr&oacute;wki z plecakiem, pi\u0119kne widoki i schroniskowe bazy zawsze szeroko otwarte dla zdobywaj\u0105cych Bieszczady","potentialAction":[{"@type":"SearchAction","target":{"@type":"EntryPoint","urlTemplate":"https:\/\/zabieszczaduj.pl\/quiz\/?s={search_term_string}"},"query-input":{"@type":"PropertyValueSpecification","valueRequired":true,"valueName":"search_term_string"}}],"inLanguage":"pl-PL"}]}},"_links":{"self":[{"href":"https:\/\/zabieszczaduj.pl\/quiz\/wp-json\/wp\/v2\/pages\/1022","targetHints":{"allow":["GET"]}}],"collection":[{"href":"https:\/\/zabieszczaduj.pl\/quiz\/wp-json\/wp\/v2\/pages"}],"about":[{"href":"https:\/\/zabieszczaduj.pl\/quiz\/wp-json\/wp\/v2\/types\/page"}],"author":[{"embeddable":true,"href":"https:\/\/zabieszczaduj.pl\/quiz\/wp-json\/wp\/v2\/users\/1"}],"replies":[{"embeddable":true,"href":"https:\/\/zabieszczaduj.pl\/quiz\/wp-json\/wp\/v2\/comments?post=1022"}],"version-history":[{"count":2,"href":"https:\/\/zabieszczaduj.pl\/quiz\/wp-json\/wp\/v2\/pages\/1022\/revisions"}],"predecessor-version":[{"id":1207,"href":"https:\/\/zabieszczaduj.pl\/quiz\/wp-json\/wp\/v2\/pages\/1022\/revisions\/1207"}],"up":[{"embeddable":true,"href":"https:\/\/zabieszczaduj.pl\/quiz\/wp-json\/wp\/v2\/pages\/1040"}],"wp:featuredmedia":[{"embeddable":true,"href":"https:\/\/zabieszczaduj.pl\/quiz\/wp-json\/wp\/v2\/media\/1023"}],"wp:attachment":[{"href":"https:\/\/zabieszczaduj.pl\/quiz\/wp-json\/wp\/v2\/media?parent=1022"}],"curies":[{"name":"wp","href":"https:\/\/api.w.org\/{rel}","templated":true}]}}