{"id":1004,"date":"2015-09-08T09:29:50","date_gmt":"2015-09-08T07:29:50","guid":{"rendered":"http:\/\/zabieszczaduj.pl\/quiz\/?post_type=status-message&#038;p=1004"},"modified":"2015-11-02T21:36:57","modified_gmt":"2015-11-02T20:36:57","slug":"dzien-18","status":"publish","type":"page","link":"https:\/\/zabieszczaduj.pl\/quiz\/idac-przez-glowny-szlak-beskidzki\/dzien-18\/","title":{"rendered":"Dzie\u0144 18: bac\u00f3wka PTTK Pod Honem &#8211; Smerek (wie\u015b)"},"content":{"rendered":"<div class=\"fcbkbttn_buttons_block\" id=\"fcbkbttn_left\"><div class=\"fcbkbttn_like \"><fb:like href=\"https:\/\/zabieszczaduj.pl\/quiz\/idac-przez-glowny-szlak-beskidzki\/dzien-18\/\" action=\"like\" colorscheme=\"light\" layout=\"button_count\"  size=\"small\"><\/fb:like><\/div><\/div><p>\/Przez bieszczadzki czerwony szlak niczym stado koni si\u0119 przetoczy<br \/>\nBoli r\u0119ka, boli g\u0142owa, bol\u0105 plecy, boli noga, ale wy\u015bcig nadal trwa<br \/>\nWprost z Koma\u0144czy na \u017bebraka<br \/>\nI przez Cisn\u0105\/ &#8211; \u015bpiewaj\u0105 Wiewi\u00f3rki na drzewie w kawa\u0142ku &#8222;Ofiarom trenera Klausa&#8221; nawi\u0105zuj\u0105cym do s\u0142ynnego ultramaratonu. Ju\u017c tak bardzo rze\u017anicko na przej\u015bciu GSB nie jest, jutrzejsze cele z Wetli\u0144sk\u0105 na czele wy\u0142ania\u0142y si\u0119 dzi\u015b w \u015bwietle s\u0142o\u0144ca podziwiane na d\u0142u\u017cszych ni\u017c wcze\u015bniej przystankach na Ja\u015ble i Fereczatej. Na bieszczadzkie przysmaki, wiecz\u00f3r w Siekierezadzie czy &#8211; bli\u017cszej teraz ze Smereka &#8211; wetli\u0144skiej Bazie \u015brednio mo\u017cna sobie pozwoli\u0107, ale mam nadziej\u0119 ustrzycka Bieszczadzka Legenda ci\u0105gle gotowa \ud83d\ude42<br \/>\nJe\u015bli aura nie przemoczy, jutro z noclegiem czeka Chatka Puchatka. R\u0119kawiczki i czapka ju\u017c kupione &#8211; kto by si\u0119 przed miesi\u0105cem spodziewa\u0142 takiej zmiany w temperaturze &#8211; c\u00f3\u017c, trzeba si\u0119 hartowa\u0107<\/p>\n<div class=\"fbfpi_photo\"><img decoding=\"async\" src=\"http:\/\/zabieszczaduj.pl\/quiz\/wp-content\/uploads\/2015\/10\/fbfpi_f00c40b2cf3dd3fd4598d2fe46479b45.jpg\"><\/div>\n","protected":false},"excerpt":{"rendered":"<p>\/Przez bieszczadzki czerwony szlak niczym stado koni si\u0119 przetoczy<br \/>\nBoli r\u0119ka, boli g\u0142owa, bol\u0105 plecy, boli noga, ale wy\u015bcig nadal trwa<br \/>\nWprost z Koma\u0144czy na \u017bebraka<br \/>\nI przez Cisn\u0105\/ &#8211; \u015bpiewaj\u0105 Wiewi\u00f3rki na drzewie w kawa\u0142ku &#8222;Ofiarom trenera Klausa&#8221; nawi\u0105zuj\u0105cym do s\u0142ynnego ultramaratonu. Ju\u017c tak bardzo rze\u017anicko na przej\u015bciu GSB nie jest, jutrzejsze cele z Wetli\u0144sk\u0105 na czele wy\u0142ania\u0142y si\u0119 dzi\u015b w \u015bwietle s\u0142o\u0144ca podziwiane na d\u0142u\u017cszych ni\u017c wcze\u015bniej przystankach na Ja\u015ble i Fereczatej. Na bieszczadzkie przysmaki, wiecz\u00f3r w Siekierezadzie czy &#8211; bli\u017cszej teraz ze Smereka &#8211; wetli\u0144skiej Bazie \u015brednio mo\u017cna sobie pozwoli\u0107, ale mam nadziej\u0119 ustrzycka Bieszczadzka Legenda ci\u0105gle gotowa \ud83d\ude42<br \/>\nJe\u015bli aura nie przemoczy, jutro z noclegiem czeka Chatka Puchatka. R\u0119kawiczki i czapka ju\u017c kupione &#8211; kto by si\u0119 przed miesi\u0105cem spodziewa\u0142 takiej zmiany w temperaturze &#8211; c\u00f3\u017c, trzeba si\u0119 hartowa\u0107<\/p>\n","protected":false},"author":1,"featured_media":1005,"parent":1040,"menu_order":0,"comment_status":"closed","ping_status":"closed","template":"","meta":{"_exactmetrics_skip_tracking":false,"_exactmetrics_sitenote_active":false,"_exactmetrics_sitenote_note":"","_exactmetrics_sitenote_category":0,"footnotes":""},"class_list":["post-1004","page","type-page","status-publish","has-post-thumbnail","hentry"],"yoast_head":"<!-- This site is optimized with the Yoast SEO plugin v25.0 - https:\/\/yoast.com\/wordpress\/plugins\/seo\/ -->\n<title>Dzie\u0144 18: bac\u00f3wka PTTK Pod Honem - Smerek (wie\u015b) - Bieszczadzki Quiz<\/title>\n<meta name=\"robots\" content=\"index, follow, max-snippet:-1, max-image-preview:large, max-video-preview:-1\" \/>\n<link rel=\"canonical\" href=\"https:\/\/zabieszczaduj.pl\/quiz\/idac-przez-glowny-szlak-beskidzki\/dzien-18\/\" \/>\n<meta property=\"og:locale\" content=\"pl_PL\" \/>\n<meta property=\"og:type\" content=\"article\" \/>\n<meta property=\"og:title\" content=\"Dzie\u0144 18: bac\u00f3wka PTTK Pod Honem - Smerek (wie\u015b) - Bieszczadzki Quiz\" \/>\n<meta property=\"og:description\" content=\"\/Przez bieszczadzki czerwony szlak niczym stado koni si\u0119 przetoczy Boli r\u0119ka, boli g\u0142owa, bol\u0105 plecy, boli noga, ale wy\u015bcig nadal trwa Wprost z Koma\u0144czy na \u017bebraka I przez Cisn\u0105\/ - \u015bpiewaj\u0105 Wiewi\u00f3rki na drzewie w kawa\u0142ku &quot;Ofiarom trenera Klausa&quot; nawi\u0105zuj\u0105cym do s\u0142ynnego ultramaratonu. Ju\u017c tak bardzo rze\u017anicko na przej\u015bciu GSB nie jest, jutrzejsze cele z Wetli\u0144sk\u0105 na czele wy\u0142ania\u0142y si\u0119 dzi\u015b w \u015bwietle s\u0142o\u0144ca podziwiane na d\u0142u\u017cszych ni\u017c wcze\u015bniej przystankach na Ja\u015ble i Fereczatej. Na bieszczadzkie przysmaki, wiecz\u00f3r w Siekierezadzie czy - bli\u017cszej teraz ze Smereka - wetli\u0144skiej Bazie \u015brednio mo\u017cna sobie pozwoli\u0107, ale mam nadziej\u0119 ustrzycka Bieszczadzka Legenda ci\u0105gle gotowa :) Je\u015bli aura nie przemoczy, jutro z noclegiem czeka Chatka Puchatka. R\u0119kawiczki i czapka ju\u017c kupione - kto by si\u0119 przed miesi\u0105cem spodziewa\u0142 takiej zmiany w temperaturze - c\u00f3\u017c, trzeba si\u0119 hartowa\u0107\" \/>\n<meta property=\"og:url\" content=\"https:\/\/zabieszczaduj.pl\/quiz\/idac-przez-glowny-szlak-beskidzki\/dzien-18\/\" \/>\n<meta property=\"og:site_name\" content=\"Bieszczadzki Quiz\" \/>\n<meta property=\"article:modified_time\" content=\"2015-11-02T20:36:57+00:00\" \/>\n<meta property=\"og:image\" content=\"https:\/\/zabieszczaduj.pl\/quiz\/wp-content\/uploads\/2015\/10\/fbfpi_f00c40b2cf3dd3fd4598d2fe46479b45.jpg\" \/>\n\t<meta property=\"og:image:width\" content=\"960\" \/>\n\t<meta property=\"og:image:height\" content=\"960\" \/>\n\t<meta property=\"og:image:type\" content=\"image\/jpeg\" \/>\n<meta name=\"twitter:label1\" content=\"Szacowany czas czytania\" \/>\n\t<meta name=\"twitter:data1\" content=\"1 minuta\" \/>\n<script type=\"application\/ld+json\" class=\"yoast-schema-graph\">{\"@context\":\"https:\/\/schema.org\",\"@graph\":[{\"@type\":\"WebPage\",\"@id\":\"https:\/\/zabieszczaduj.pl\/quiz\/idac-przez-glowny-szlak-beskidzki\/dzien-18\/\",\"url\":\"https:\/\/zabieszczaduj.pl\/quiz\/idac-przez-glowny-szlak-beskidzki\/dzien-18\/\",\"name\":\"Dzie\u0144 18: bac\u00f3wka PTTK Pod Honem - Smerek (wie\u015b) - Bieszczadzki Quiz\",\"isPartOf\":{\"@id\":\"https:\/\/zabieszczaduj.pl\/quiz\/#website\"},\"primaryImageOfPage\":{\"@id\":\"https:\/\/zabieszczaduj.pl\/quiz\/idac-przez-glowny-szlak-beskidzki\/dzien-18\/#primaryimage\"},\"image\":{\"@id\":\"https:\/\/zabieszczaduj.pl\/quiz\/idac-przez-glowny-szlak-beskidzki\/dzien-18\/#primaryimage\"},\"thumbnailUrl\":\"https:\/\/zabieszczaduj.pl\/quiz\/wp-content\/uploads\/2015\/10\/fbfpi_f00c40b2cf3dd3fd4598d2fe46479b45.jpg\",\"datePublished\":\"2015-09-08T07:29:50+00:00\",\"dateModified\":\"2015-11-02T20:36:57+00:00\",\"breadcrumb\":{\"@id\":\"https:\/\/zabieszczaduj.pl\/quiz\/idac-przez-glowny-szlak-beskidzki\/dzien-18\/#breadcrumb\"},\"inLanguage\":\"pl-PL\",\"potentialAction\":[{\"@type\":\"ReadAction\",\"target\":[\"https:\/\/zabieszczaduj.pl\/quiz\/idac-przez-glowny-szlak-beskidzki\/dzien-18\/\"]}]},{\"@type\":\"ImageObject\",\"inLanguage\":\"pl-PL\",\"@id\":\"https:\/\/zabieszczaduj.pl\/quiz\/idac-przez-glowny-szlak-beskidzki\/dzien-18\/#primaryimage\",\"url\":\"https:\/\/zabieszczaduj.pl\/quiz\/wp-content\/uploads\/2015\/10\/fbfpi_f00c40b2cf3dd3fd4598d2fe46479b45.jpg\",\"contentUrl\":\"https:\/\/zabieszczaduj.pl\/quiz\/wp-content\/uploads\/2015\/10\/fbfpi_f00c40b2cf3dd3fd4598d2fe46479b45.jpg\",\"width\":960,\"height\":960},{\"@type\":\"BreadcrumbList\",\"@id\":\"https:\/\/zabieszczaduj.pl\/quiz\/idac-przez-glowny-szlak-beskidzki\/dzien-18\/#breadcrumb\",\"itemListElement\":[{\"@type\":\"ListItem\",\"position\":1,\"name\":\"Strona g\u0142\u00f3wna\",\"item\":\"https:\/\/zabieszczaduj.pl\/quiz\/\"},{\"@type\":\"ListItem\",\"position\":2,\"name\":\"Id\u0105c przez G\u0142\u00f3wny Szlak Beskidzki pod\u0105\u017ca si\u0119 &#8230;\",\"item\":\"https:\/\/zabieszczaduj.pl\/quiz\/idac-przez-glowny-szlak-beskidzki\/\"},{\"@type\":\"ListItem\",\"position\":3,\"name\":\"Dzie\u0144 18: bac\u00f3wka PTTK Pod Honem &#8211; Smerek (wie\u015b)\"}]},{\"@type\":\"WebSite\",\"@id\":\"https:\/\/zabieszczaduj.pl\/quiz\/#website\",\"url\":\"https:\/\/zabieszczaduj.pl\/quiz\/\",\"name\":\"Bieszczadzki Quiz\",\"description\":\"G&oacute;ry i ludzie, w\u0119dr&oacute;wki z plecakiem, pi\u0119kne widoki i schroniskowe bazy zawsze szeroko otwarte dla zdobywaj\u0105cych Bieszczady\",\"potentialAction\":[{\"@type\":\"SearchAction\",\"target\":{\"@type\":\"EntryPoint\",\"urlTemplate\":\"https:\/\/zabieszczaduj.pl\/quiz\/?s={search_term_string}\"},\"query-input\":{\"@type\":\"PropertyValueSpecification\",\"valueRequired\":true,\"valueName\":\"search_term_string\"}}],\"inLanguage\":\"pl-PL\"}]}<\/script>\n<!-- \/ Yoast SEO plugin. -->","yoast_head_json":{"title":"Dzie\u0144 18: bac\u00f3wka PTTK Pod Honem - Smerek (wie\u015b) - Bieszczadzki Quiz","robots":{"index":"index","follow":"follow","max-snippet":"max-snippet:-1","max-image-preview":"max-image-preview:large","max-video-preview":"max-video-preview:-1"},"canonical":"https:\/\/zabieszczaduj.pl\/quiz\/idac-przez-glowny-szlak-beskidzki\/dzien-18\/","og_locale":"pl_PL","og_type":"article","og_title":"Dzie\u0144 18: bac\u00f3wka PTTK Pod Honem - Smerek (wie\u015b) - Bieszczadzki Quiz","og_description":"\/Przez bieszczadzki czerwony szlak niczym stado koni si\u0119 przetoczy Boli r\u0119ka, boli g\u0142owa, bol\u0105 plecy, boli noga, ale wy\u015bcig nadal trwa Wprost z Koma\u0144czy na \u017bebraka I przez Cisn\u0105\/ - \u015bpiewaj\u0105 Wiewi\u00f3rki na drzewie w kawa\u0142ku \"Ofiarom trenera Klausa\" nawi\u0105zuj\u0105cym do s\u0142ynnego ultramaratonu. Ju\u017c tak bardzo rze\u017anicko na przej\u015bciu GSB nie jest, jutrzejsze cele z Wetli\u0144sk\u0105 na czele wy\u0142ania\u0142y si\u0119 dzi\u015b w \u015bwietle s\u0142o\u0144ca podziwiane na d\u0142u\u017cszych ni\u017c wcze\u015bniej przystankach na Ja\u015ble i Fereczatej. Na bieszczadzkie przysmaki, wiecz\u00f3r w Siekierezadzie czy - bli\u017cszej teraz ze Smereka - wetli\u0144skiej Bazie \u015brednio mo\u017cna sobie pozwoli\u0107, ale mam nadziej\u0119 ustrzycka Bieszczadzka Legenda ci\u0105gle gotowa :) Je\u015bli aura nie przemoczy, jutro z noclegiem czeka Chatka Puchatka. R\u0119kawiczki i czapka ju\u017c kupione - kto by si\u0119 przed miesi\u0105cem spodziewa\u0142 takiej zmiany w temperaturze - c\u00f3\u017c, trzeba si\u0119 hartowa\u0107","og_url":"https:\/\/zabieszczaduj.pl\/quiz\/idac-przez-glowny-szlak-beskidzki\/dzien-18\/","og_site_name":"Bieszczadzki Quiz","article_modified_time":"2015-11-02T20:36:57+00:00","og_image":[{"width":960,"height":960,"url":"https:\/\/zabieszczaduj.pl\/quiz\/wp-content\/uploads\/2015\/10\/fbfpi_f00c40b2cf3dd3fd4598d2fe46479b45.jpg","type":"image\/jpeg"}],"twitter_misc":{"Szacowany czas czytania":"1 minuta"},"schema":{"@context":"https:\/\/schema.org","@graph":[{"@type":"WebPage","@id":"https:\/\/zabieszczaduj.pl\/quiz\/idac-przez-glowny-szlak-beskidzki\/dzien-18\/","url":"https:\/\/zabieszczaduj.pl\/quiz\/idac-przez-glowny-szlak-beskidzki\/dzien-18\/","name":"Dzie\u0144 18: bac\u00f3wka PTTK Pod Honem - Smerek (wie\u015b) - Bieszczadzki Quiz","isPartOf":{"@id":"https:\/\/zabieszczaduj.pl\/quiz\/#website"},"primaryImageOfPage":{"@id":"https:\/\/zabieszczaduj.pl\/quiz\/idac-przez-glowny-szlak-beskidzki\/dzien-18\/#primaryimage"},"image":{"@id":"https:\/\/zabieszczaduj.pl\/quiz\/idac-przez-glowny-szlak-beskidzki\/dzien-18\/#primaryimage"},"thumbnailUrl":"https:\/\/zabieszczaduj.pl\/quiz\/wp-content\/uploads\/2015\/10\/fbfpi_f00c40b2cf3dd3fd4598d2fe46479b45.jpg","datePublished":"2015-09-08T07:29:50+00:00","dateModified":"2015-11-02T20:36:57+00:00","breadcrumb":{"@id":"https:\/\/zabieszczaduj.pl\/quiz\/idac-przez-glowny-szlak-beskidzki\/dzien-18\/#breadcrumb"},"inLanguage":"pl-PL","potentialAction":[{"@type":"ReadAction","target":["https:\/\/zabieszczaduj.pl\/quiz\/idac-przez-glowny-szlak-beskidzki\/dzien-18\/"]}]},{"@type":"ImageObject","inLanguage":"pl-PL","@id":"https:\/\/zabieszczaduj.pl\/quiz\/idac-przez-glowny-szlak-beskidzki\/dzien-18\/#primaryimage","url":"https:\/\/zabieszczaduj.pl\/quiz\/wp-content\/uploads\/2015\/10\/fbfpi_f00c40b2cf3dd3fd4598d2fe46479b45.jpg","contentUrl":"https:\/\/zabieszczaduj.pl\/quiz\/wp-content\/uploads\/2015\/10\/fbfpi_f00c40b2cf3dd3fd4598d2fe46479b45.jpg","width":960,"height":960},{"@type":"BreadcrumbList","@id":"https:\/\/zabieszczaduj.pl\/quiz\/idac-przez-glowny-szlak-beskidzki\/dzien-18\/#breadcrumb","itemListElement":[{"@type":"ListItem","position":1,"name":"Strona g\u0142\u00f3wna","item":"https:\/\/zabieszczaduj.pl\/quiz\/"},{"@type":"ListItem","position":2,"name":"Id\u0105c przez G\u0142\u00f3wny Szlak Beskidzki pod\u0105\u017ca si\u0119 &#8230;","item":"https:\/\/zabieszczaduj.pl\/quiz\/idac-przez-glowny-szlak-beskidzki\/"},{"@type":"ListItem","position":3,"name":"Dzie\u0144 18: bac\u00f3wka PTTK Pod Honem &#8211; Smerek (wie\u015b)"}]},{"@type":"WebSite","@id":"https:\/\/zabieszczaduj.pl\/quiz\/#website","url":"https:\/\/zabieszczaduj.pl\/quiz\/","name":"Bieszczadzki Quiz","description":"G&oacute;ry i ludzie, w\u0119dr&oacute;wki z plecakiem, pi\u0119kne widoki i schroniskowe bazy zawsze szeroko otwarte dla zdobywaj\u0105cych Bieszczady","potentialAction":[{"@type":"SearchAction","target":{"@type":"EntryPoint","urlTemplate":"https:\/\/zabieszczaduj.pl\/quiz\/?s={search_term_string}"},"query-input":{"@type":"PropertyValueSpecification","valueRequired":true,"valueName":"search_term_string"}}],"inLanguage":"pl-PL"}]}},"_links":{"self":[{"href":"https:\/\/zabieszczaduj.pl\/quiz\/wp-json\/wp\/v2\/pages\/1004","targetHints":{"allow":["GET"]}}],"collection":[{"href":"https:\/\/zabieszczaduj.pl\/quiz\/wp-json\/wp\/v2\/pages"}],"about":[{"href":"https:\/\/zabieszczaduj.pl\/quiz\/wp-json\/wp\/v2\/types\/page"}],"author":[{"embeddable":true,"href":"https:\/\/zabieszczaduj.pl\/quiz\/wp-json\/wp\/v2\/users\/1"}],"replies":[{"embeddable":true,"href":"https:\/\/zabieszczaduj.pl\/quiz\/wp-json\/wp\/v2\/comments?post=1004"}],"version-history":[{"count":2,"href":"https:\/\/zabieszczaduj.pl\/quiz\/wp-json\/wp\/v2\/pages\/1004\/revisions"}],"predecessor-version":[{"id":1215,"href":"https:\/\/zabieszczaduj.pl\/quiz\/wp-json\/wp\/v2\/pages\/1004\/revisions\/1215"}],"up":[{"embeddable":true,"href":"https:\/\/zabieszczaduj.pl\/quiz\/wp-json\/wp\/v2\/pages\/1040"}],"wp:featuredmedia":[{"embeddable":true,"href":"https:\/\/zabieszczaduj.pl\/quiz\/wp-json\/wp\/v2\/media\/1005"}],"wp:attachment":[{"href":"https:\/\/zabieszczaduj.pl\/quiz\/wp-json\/wp\/v2\/media?parent=1004"}],"curies":[{"name":"wp","href":"https:\/\/api.w.org\/{rel}","templated":true}]}}