{"version":"1.0","provider_name":"Bieszczadzki Quiz","provider_url":"https:\/\/zabieszczaduj.pl\/quiz","title":"Dzie\u0144 18: bac\u00f3wka PTTK Pod Honem - Smerek (wie\u015b) - Bieszczadzki Quiz","type":"rich","width":600,"height":338,"html":"<blockquote class=\"wp-embedded-content\" data-secret=\"AAWRnX5sfr\"><a href=\"https:\/\/zabieszczaduj.pl\/quiz\/idac-przez-glowny-szlak-beskidzki\/dzien-18\/\">Dzie\u0144 18: bac\u00f3wka PTTK Pod Honem &#8211; Smerek (wie\u015b)<\/a><\/blockquote><iframe sandbox=\"allow-scripts\" security=\"restricted\" src=\"https:\/\/zabieszczaduj.pl\/quiz\/idac-przez-glowny-szlak-beskidzki\/dzien-18\/embed\/#?secret=AAWRnX5sfr\" width=\"600\" height=\"338\" title=\"&#8222;Dzie\u0144 18: bac\u00f3wka PTTK Pod Honem &#8211; Smerek (wie\u015b)&#8221; &#8212; Bieszczadzki Quiz\" data-secret=\"AAWRnX5sfr\" frameborder=\"0\" marginwidth=\"0\" marginheight=\"0\" scrolling=\"no\" class=\"wp-embedded-content\"><\/iframe><script type=\"text\/javascript\">\n\/* <![CDATA[ *\/\n\/*! This file is auto-generated *\/\n!function(d,l){\"use strict\";l.querySelector&&d.addEventListener&&\"undefined\"!=typeof URL&&(d.wp=d.wp||{},d.wp.receiveEmbedMessage||(d.wp.receiveEmbedMessage=function(e){var t=e.data;if((t||t.secret||t.message||t.value)&&!\/[^a-zA-Z0-9]\/.test(t.secret)){for(var s,r,n,a=l.querySelectorAll('iframe[data-secret=\"'+t.secret+'\"]'),o=l.querySelectorAll('blockquote[data-secret=\"'+t.secret+'\"]'),c=new RegExp(\"^https?:$\",\"i\"),i=0;i<o.length;i++)o[i].style.display=\"none\";for(i=0;i<a.length;i++)s=a[i],e.source===s.contentWindow&&(s.removeAttribute(\"style\"),\"height\"===t.message?(1e3<(r=parseInt(t.value,10))?r=1e3:~~r<200&&(r=200),s.height=r):\"link\"===t.message&&(r=new URL(s.getAttribute(\"src\")),n=new URL(t.value),c.test(n.protocol))&&n.host===r.host&&l.activeElement===s&&(d.top.location.href=t.value))}},d.addEventListener(\"message\",d.wp.receiveEmbedMessage,!1),l.addEventListener(\"DOMContentLoaded\",function(){for(var e,t,s=l.querySelectorAll(\"iframe.wp-embedded-content\"),r=0;r<s.length;r++)(t=(e=s[r]).getAttribute(\"data-secret\"))||(t=Math.random().toString(36).substring(2,12),e.src+=\"#?secret=\"+t,e.setAttribute(\"data-secret\",t)),e.contentWindow.postMessage({message:\"ready\",secret:t},\"*\")},!1)))}(window,document);\n\/* ]]> *\/\n<\/script>\n","thumbnail_url":"https:\/\/zabieszczaduj.pl\/quiz\/wp-content\/uploads\/2015\/10\/fbfpi_f00c40b2cf3dd3fd4598d2fe46479b45.jpg","thumbnail_width":960,"thumbnail_height":960,"description":"\/Przez bieszczadzki czerwony szlak niczym stado koni si\u0119 przetoczy Boli r\u0119ka, boli g\u0142owa, bol\u0105 plecy, boli noga, ale wy\u015bcig nadal trwa Wprost z Koma\u0144czy na \u017bebraka I przez Cisn\u0105\/ - \u015bpiewaj\u0105 Wiewi\u00f3rki na drzewie w kawa\u0142ku \"Ofiarom trenera Klausa\" nawi\u0105zuj\u0105cym do s\u0142ynnego ultramaratonu. Ju\u017c tak bardzo rze\u017anicko na przej\u015bciu GSB nie jest, jutrzejsze cele z Wetli\u0144sk\u0105 na czele wy\u0142ania\u0142y si\u0119 dzi\u015b w \u015bwietle s\u0142o\u0144ca podziwiane na d\u0142u\u017cszych ni\u017c wcze\u015bniej przystankach na Ja\u015ble i Fereczatej. Na bieszczadzkie przysmaki, wiecz\u00f3r w Siekierezadzie czy - bli\u017cszej teraz ze Smereka - wetli\u0144skiej Bazie \u015brednio mo\u017cna sobie pozwoli\u0107, ale mam nadziej\u0119 ustrzycka Bieszczadzka Legenda ci\u0105gle gotowa :) Je\u015bli aura nie przemoczy, jutro z noclegiem czeka Chatka Puchatka. R\u0119kawiczki i czapka ju\u017c kupione - kto by si\u0119 przed miesi\u0105cem spodziewa\u0142 takiej zmiany w temperaturze - c\u00f3\u017c, trzeba si\u0119 hartowa\u0107"}